{"id":4510,"date":"2024-07-11T16:14:58","date_gmt":"2024-07-11T16:14:58","guid":{"rendered":"https:\/\/cidehus.uevora.pt\/publicacoes\/outras-publicacoes-2021\/"},"modified":"2024-09-20T14:13:48","modified_gmt":"2024-09-20T14:13:48","slug":"other-publications-2021","status":"publish","type":"page","link":"https:\/\/cidehus.uevora.pt\/en\/publications\/other-publications-2021\/","title":{"rendered":"Other Publications 2021"},"content":{"rendered":"<!--themify_builder_content-->\n<div id=\"themify_builder_content-4510\" data-postid=\"4510\" class=\"themify_builder_content themify_builder_content-4510 themify_builder tf_clear\">\n    \t\t\t\t<div  data-lazy=\"1\" class=\"module_row themify_builder_row wraptoppage tb_6282299 tb_first tf_w\">\n\t\t\t<span class=\"builder_row_cover tf_abs\"><\/span>\t\t\t<div class=\"row_inner col_align_top tb_col_count_1 tf_box tf_rel\">\n\t\t\t\t\t\t<div  data-lazy=\"1\" class=\"module_column tb-column col-full tb_qguu299 first\">\n\t\t\t\t\t<!-- module text -->\n<div  class=\"module module-text tb_o1ju299   \" data-lazy=\"1\">\n\t    <div  class=\"tb_text_wrap\">\n\t\t<h1>Publications<\/h1>\n    <\/div>\n<\/div>\n<!-- \/module text --><!-- module plain text -->\n<div  class=\"module module-plain-text tb_e34d299 \" data-lazy=\"1\">\n        <div class=\"tb_text_wrap\">\n\t<div class=\"module module-breadcrumbs tb_khjq170\">\n<nav role=\"navigation\" aria-label=\"Breadcrumbs\" class=\"tbp_breadcrumb_trail\"><ul class=\"tbp_trail_items\" itemscope=\"\" itemtype=\"http:\/\/schema.org\/BreadcrumbList\"><meta name=\"numberOfItems\" content=\"3\"><meta name=\"itemListOrder\" content=\"Ascending\"><li itemprop=\"itemListElement\" itemscope=\"\" itemtype=\"https:\/\/schema.org\/ListItem\" class=\"tbp_trail_item tbp_trail_begin\"><a itemprop=\"item\" href=\"https:\/\/cidehus.uevora.pt\/\" rel=\"home\"><span itemprop=\"name\">Home<\/span><\/a><meta itemprop=\"position\" content=\"1\"><\/li><li itemprop=\"itemListElement\" itemscope=\"\" itemtype=\"https:\/\/schema.org\/ListItem\" class=\"tbp_trail_item\"><span class=\"tbp_breadcrumb_sep\">\/<\/span><a itemprop=\"item\" href=\"https:\/\/cidehus.uevora.pt\/en\/publications\/cidehus-editions\/\"><span itemprop=\"name\">Publications<\/span><\/a><meta itemprop=\"position\" content=\"2\"><\/li><li itemprop=\"itemListElement\" itemscope=\"\" itemtype=\"https:\/\/schema.org\/ListItem\" class=\"tbp_trail_item tbp_trail_end\"><span class=\"tbp_breadcrumb_sep\">\/<\/span><span itemprop=\"name\">Other Publications<\/span><meta itemprop=\"position\" content=\"3\"><\/li><\/ul><\/nav><\/div>    <\/div>\n<\/div>\n<!-- \/module plain text -->\t\t<\/div>\n\t\t\t\t\t\t<\/div>\n\t\t<\/div>\n\t\t\t\t\t\t<div  data-lazy=\"1\" class=\"module_row themify_builder_row wrapispagegenstyle tb_z98u319 tf_w\">\n\t\t\t\t\t\t<div class=\"row_inner col_align_top tb_col_count_2 tf_box tf_rel\">\n\t\t\t\t\t\t<div  data-lazy=\"1\" class=\"module_column tb-column col4-2 tb_6oee319 first\">\n\t\t\t\t\t<!-- module text -->\n<div  class=\"module module-text tb_j4qa790 ispagegenstyle   \" data-lazy=\"1\">\n\t    <div  class=\"tb_text_wrap\">\n\t\t<h2>Other Publications<\/h2>\n    <\/div>\n<\/div>\n<!-- \/module text --><!-- module text -->\n<div  class=\"module module-text tb_toty108 listalinkspublicacao pub  \" data-lazy=\"1\">\n\t    <div  class=\"tb_text_wrap\">\n\t\t<ul>\n<li><a href=\"https:\/\/cidehus.uevora.pt\/en\/publications\/other-publications\/\">2024<\/a> |<\/li>\n<li><a href=\"https:\/\/cidehus.uevora.pt\/en\/publications\/other-publications-2023\/\">2023<\/a> |<\/li>\n<li><a href=\"https:\/\/cidehus.uevora.pt\/en\/publications\/other-publications-2022\/\">2022<\/a> |<\/li>\n<li><a class=\"linkpubactive\" href=\"https:\/\/cidehus.uevora.pt\/en\/publications\/other-publications-2021\/\">2021<\/a> |<\/li>\n<li><a href=\"https:\/\/cidehus.uevora.pt\/en\/publications\/other-publications-2020\/\">2020<\/a> |<\/li>\n<li><a href=\"https:\/\/cidehus.uevora.pt\/en\/publications\/other-publications-2019\/\">2019<\/a> |<\/li>\n<li><a href=\"https:\/\/cidehus.uevora.pt\/en\/publications\/other-publications-2018\/\">2018<\/a><\/li>\n<\/ul>\n    <\/div>\n<\/div>\n<!-- \/module text --><!-- module post -->\n<div  class=\"module module-post tb_aype822 slideroutraspublic\">\n    <div  class=\"builder-posts-wrap loops-wrapper outras-publicacoes grid4 boxed tf_clear tf_clearfix\" data-lazy=\"1\">\n\t<article id=\"post-4804\" class=\"post tf_clearfix post-4804 outras-publicacoes type-outras-publicacoes status-publish hentry anopublicacoes-publicacao2021-en no-post-title no-post-date has-post-category has-post-tag has-post-comment has-post-author \">\n\t    \n\t\t<div class=\"post-content\">\n\t\t<div class=\"post-content-inner\">\n\n\t\t\t\n\t\t\t\n\t\t\t\n\t\t\t\n\t\t\t\t\t<div class=\"entry-content\">\n\n\t\t\t\t\t\t\t\t\t\t<!--themify_builder_content-->\n    <div  class=\"themify_builder_content themify_builder_content-4804 themify_builder not_editable_builder in_the_loop\" data-postid=\"4804\">\n        \t\t\t\t<div  data-lazy=\"1\" class=\"module_row themify_builder_row tb_u6im903 tf_w\">\n\t\t\t\t\t\t<div class=\"row_inner col_align_top tb_col_count_1 tf_box tf_rel\">\n\t\t\t\t\t\t<div  data-lazy=\"1\" class=\"module_column tb-column col-full tb_xjs7903 first\">\n\t\t\t\t\t<!-- module image -->\n<div  class=\"module module-image tb_cte0903 image-overlay   active-caption-hover tf_mw\" data-lazy=\"1\">\n        <div class=\"image-wrap tf_rel tf_mw\">\n\t\t    <img loading=\"lazy\" decoding=\"async\" width=\"532\" height=\"752\" src=\"https:\/\/cidehus.uevora.pt\/wp-content\/uploads\/2024\/07\/outras-publicacoes-a-escola-gabriel-pereira.jpg\" class=\"wp-post-image wp-image-3986\" title=\"outras-publicacoes-a-escola-gabriel-pereira\" alt=\"A Escola Gabriel Pereira\n100.\u00ba Anivers\u00e1rio: 1919-2019\n\nFernando Lu\u00eds Gameiro\n\nISBN 978-989-566-034-6\" srcset=\"https:\/\/cidehus.uevora.pt\/wp-content\/uploads\/2024\/07\/outras-publicacoes-a-escola-gabriel-pereira.jpg 532w, https:\/\/cidehus.uevora.pt\/wp-content\/uploads\/2024\/07\/outras-publicacoes-a-escola-gabriel-pereira-212x300.jpg 212w\" sizes=\"auto, (max-width: 532px) 100vw, 532px\" \/>\t\n\t\n    \t<div class=\"image-content\">\n\t    \t    \t\t<div class=\"image-caption tb_text_wrap\">\n\t\t    <b>A Escola Gabriel Pereira<\/b>\n100.\u00ba Anivers\u00e1rio: 1919-2019\n\nFernando Lu\u00eds Gameiro\n\nISBN 978-989-566-034-6\t    <\/div>\n\t    <!-- \/image-caption -->\n\t    \t<\/div>\n\t<!-- \/image-content -->\n    \t\t\t<\/div>\n\t\t<!-- \/image-wrap -->\n\t<\/div>\n<!-- \/module image --><!-- module text -->\n<div  class=\"module module-text tb_mtrl903   \" data-lazy=\"1\">\n\t    <div  class=\"tb_text_wrap\">\n\t\t<h4><a class=\"lightbox-builder themify_lightbox\" href=\"https:\/\/cidehus.uevora.pt\/wp-content\/uploads\/2024\/07\/outras-publicacoes-a-escola-gabriel-pereira.jpg\">A Escola Gabriel Pereira<\/a><\/h4>\n    <\/div>\n<\/div>\n<!-- \/module text -->\t\t<\/div>\n\t\t\t\t\t\t<\/div>\n\t\t<\/div>\n\t\t    <\/div>\n<!--\/themify_builder_content-->\t\t\t\n\t\t<\/div><!-- \/.entry-content -->\n\t\t\n\t\t<\/div>\n\t\t<!-- \/.post-content-inner -->\n\t<\/div>\n\t<!-- \/.post-content -->\n\t\n<\/article>\n<!-- \/.post -->\n<article id=\"post-4805\" class=\"post tf_clearfix post-4805 outras-publicacoes type-outras-publicacoes status-publish hentry anopublicacoes-publicacao2021-en no-post-title no-post-date has-post-category has-post-tag has-post-comment has-post-author \">\n\t    \n\t\t<div class=\"post-content\">\n\t\t<div class=\"post-content-inner\">\n\n\t\t\t\n\t\t\t\n\t\t\t\n\t\t\t\n\t\t\t\t\t<div class=\"entry-content\">\n\n\t\t\t\t\t\t\t\t\t\t<!--themify_builder_content-->\n    <div  class=\"themify_builder_content themify_builder_content-4805 themify_builder not_editable_builder in_the_loop\" data-postid=\"4805\">\n        \t\t\t\t<div  data-lazy=\"1\" class=\"module_row themify_builder_row tb_1g46310 tf_w\">\n\t\t\t\t\t\t<div class=\"row_inner col_align_top tb_col_count_1 tf_box tf_rel\">\n\t\t\t\t\t\t<div  data-lazy=\"1\" class=\"module_column tb-column col-full tb_jk9p310 first\">\n\t\t\t\t\t<!-- module image -->\n<div  class=\"module module-image tb_1ldv310 image-overlay   active-caption-hover tf_mw\" data-lazy=\"1\">\n        <div class=\"image-wrap tf_rel tf_mw\">\n\t\t    <img loading=\"lazy\" decoding=\"async\" width=\"532\" height=\"752\" src=\"https:\/\/cidehus.uevora.pt\/wp-content\/uploads\/2024\/07\/outras-publicacoes-a-raia-na-agua.jpg\" class=\"wp-post-image wp-image-3987\" title=\"outras-publicacoes-a-raia-na-agua\" alt=\"A Raia na \u00c1gua\nEduardo Louren\u00e7o e o Mundo Hisp\u00e2nico\n\nAA.VV.\n\nISBN 978-989-8833-78-5\" srcset=\"https:\/\/cidehus.uevora.pt\/wp-content\/uploads\/2024\/07\/outras-publicacoes-a-raia-na-agua.jpg 532w, https:\/\/cidehus.uevora.pt\/wp-content\/uploads\/2024\/07\/outras-publicacoes-a-raia-na-agua-212x300.jpg 212w\" sizes=\"auto, (max-width: 532px) 100vw, 532px\" \/>\t\n\t\n    \t<div class=\"image-content\">\n\t    \t    \t\t<div class=\"image-caption tb_text_wrap\">\n\t\t    <b>A Raia na \u00c1gua<\/b>\nEduardo Louren\u00e7o e o Mundo Hisp\u00e2nico\n\nAA.VV.\n\nISBN 978-989-8833-78-5\t    <\/div>\n\t    <!-- \/image-caption -->\n\t    \t<\/div>\n\t<!-- \/image-content -->\n    \t\t\t<\/div>\n\t\t<!-- \/image-wrap -->\n\t<\/div>\n<!-- \/module image --><!-- module text -->\n<div  class=\"module module-text tb_zz5h310   \" data-lazy=\"1\">\n\t    <div  class=\"tb_text_wrap\">\n\t\t<h4><a class=\"lightbox-builder themify_lightbox\" href=\"https:\/\/cidehus.uevora.pt\/wp-content\/uploads\/2024\/07\/outras-publicacoes-a-raia-na-agua.jpg\">A Raia na \u00c1gua<\/a><\/h4>\n    <\/div>\n<\/div>\n<!-- \/module text -->\t\t<\/div>\n\t\t\t\t\t\t<\/div>\n\t\t<\/div>\n\t\t    <\/div>\n<!--\/themify_builder_content-->\t\t\t\n\t\t<\/div><!-- \/.entry-content -->\n\t\t\n\t\t<\/div>\n\t\t<!-- \/.post-content-inner -->\n\t<\/div>\n\t<!-- \/.post-content -->\n\t\n<\/article>\n<!-- \/.post -->\n<article id=\"post-4806\" class=\"post tf_clearfix post-4806 outras-publicacoes type-outras-publicacoes status-publish hentry anopublicacoes-publicacao2021-en no-post-title no-post-date has-post-category has-post-tag has-post-comment has-post-author \">\n\t    \n\t\t<div class=\"post-content\">\n\t\t<div class=\"post-content-inner\">\n\n\t\t\t\n\t\t\t\n\t\t\t\n\t\t\t\n\t\t\t\t\t<div class=\"entry-content\">\n\n\t\t\t\t\t\t\t\t\t\t<!--themify_builder_content-->\n    <div  class=\"themify_builder_content themify_builder_content-4806 themify_builder not_editable_builder in_the_loop\" data-postid=\"4806\">\n        \t\t\t\t<div  data-lazy=\"1\" class=\"module_row themify_builder_row tb_p49h86 tf_w\">\n\t\t\t\t\t\t<div class=\"row_inner col_align_top tb_col_count_1 tf_box tf_rel\">\n\t\t\t\t\t\t<div  data-lazy=\"1\" class=\"module_column tb-column col-full tb_1u6m86 first\">\n\t\t\t\t\t<!-- module image -->\n<div  class=\"module module-image tb_b9c086 image-overlay   active-caption-hover tf_mw\" data-lazy=\"1\">\n        <div class=\"image-wrap tf_rel tf_mw\">\n\t\t    <img loading=\"lazy\" decoding=\"async\" width=\"532\" height=\"752\" src=\"https:\/\/cidehus.uevora.pt\/wp-content\/uploads\/2024\/07\/outras-publicacoes-mesa-da-consciencia-e-ordens-militares.jpg\" class=\"wp-post-image wp-image-3988\" title=\"outras-publicacoes-mesa-da-consciencia-e-ordens-militares\" alt=\"Mesa da Consci\u00eancia e Ordens Militares\nO Sistema de Informa\u00e7\u00e3o (s\u00e9culo XVIII)\n\nNelson Vaquinhas\n\nISBN 978-989-689-930-1\" srcset=\"https:\/\/cidehus.uevora.pt\/wp-content\/uploads\/2024\/07\/outras-publicacoes-mesa-da-consciencia-e-ordens-militares.jpg 532w, https:\/\/cidehus.uevora.pt\/wp-content\/uploads\/2024\/07\/outras-publicacoes-mesa-da-consciencia-e-ordens-militares-212x300.jpg 212w\" sizes=\"auto, (max-width: 532px) 100vw, 532px\" \/>\t\n\t\n    \t<div class=\"image-content\">\n\t    \t    \t\t<div class=\"image-caption tb_text_wrap\">\n\t\t    <b>Mesa da Consci\u00eancia e Ordens Militares<\/b>\nO Sistema de Informa\u00e7\u00e3o (s\u00e9culo XVIII)\n\nNelson Vaquinhas\n\nISBN 978-989-689-930-1\t    <\/div>\n\t    <!-- \/image-caption -->\n\t    \t<\/div>\n\t<!-- \/image-content -->\n    \t\t\t<\/div>\n\t\t<!-- \/image-wrap -->\n\t<\/div>\n<!-- \/module image --><!-- module text -->\n<div  class=\"module module-text tb_1czn86   \" data-lazy=\"1\">\n\t    <div  class=\"tb_text_wrap\">\n\t\t<h4><a class=\"lightbox-builder themify_lightbox\" href=\"https:\/\/cidehus.uevora.pt\/wp-content\/uploads\/2024\/07\/outras-publicacoes-mesa-da-consciencia-e-ordens-militares.jpg\">Mesa da Consci\u00eancia e Ordens Militares<\/a><\/h4>\n    <\/div>\n<\/div>\n<!-- \/module text -->\t\t<\/div>\n\t\t\t\t\t\t<\/div>\n\t\t<\/div>\n\t\t    <\/div>\n<!--\/themify_builder_content-->\t\t\t\n\t\t<\/div><!-- \/.entry-content -->\n\t\t\n\t\t<\/div>\n\t\t<!-- \/.post-content-inner -->\n\t<\/div>\n\t<!-- \/.post-content -->\n\t\n<\/article>\n<!-- \/.post -->\n<article id=\"post-4807\" class=\"post tf_clearfix post-4807 outras-publicacoes type-outras-publicacoes status-publish hentry anopublicacoes-publicacao2021-en no-post-title no-post-date has-post-category has-post-tag has-post-comment has-post-author \">\n\t    \n\t\t<div class=\"post-content\">\n\t\t<div class=\"post-content-inner\">\n\n\t\t\t\n\t\t\t\n\t\t\t\n\t\t\t\n\t\t\t\t\t<div class=\"entry-content\">\n\n\t\t\t\t\t\t\t\t\t\t<!--themify_builder_content-->\n    <div  class=\"themify_builder_content themify_builder_content-4807 themify_builder not_editable_builder in_the_loop\" data-postid=\"4807\">\n        \t\t\t\t<div  data-lazy=\"1\" class=\"module_row themify_builder_row tb_xdzd462 tf_w\">\n\t\t\t\t\t\t<div class=\"row_inner col_align_top tb_col_count_1 tf_box tf_rel\">\n\t\t\t\t\t\t<div  data-lazy=\"1\" class=\"module_column tb-column col-full tb_0kuu462 first\">\n\t\t\t\t\t<!-- module image -->\n<div  class=\"module module-image tb_s464462 image-overlay   active-caption-hover tf_mw\" data-lazy=\"1\">\n        <div class=\"image-wrap tf_rel tf_mw\">\n\t\t    <img loading=\"lazy\" decoding=\"async\" width=\"266\" height=\"376\" src=\"https:\/\/cidehus.uevora.pt\/wp-content\/uploads\/2024\/07\/outras-publicacoes-o-hospital-de-todos-os-santos-e-a-sua-relacao-com-a-coroa.jpg\" class=\"wp-post-image wp-image-3989\" title=\"outras-publicacoes-o-hospital-de-todos-os-santos-e-a-sua-relacao-com-a-coroa\" alt=\"O Hospital de Todos os Santos e a sua Rela\u00e7\u00e3o com a Coroa\n\nRute Ramos\n\nISBN 978-989-566-126-8\" srcset=\"https:\/\/cidehus.uevora.pt\/wp-content\/uploads\/2024\/07\/outras-publicacoes-o-hospital-de-todos-os-santos-e-a-sua-relacao-com-a-coroa.jpg 266w, https:\/\/cidehus.uevora.pt\/wp-content\/uploads\/2024\/07\/outras-publicacoes-o-hospital-de-todos-os-santos-e-a-sua-relacao-com-a-coroa-212x300.jpg 212w\" sizes=\"auto, (max-width: 266px) 100vw, 266px\" \/>\t\n\t\n    \t<div class=\"image-content\">\n\t    \t    \t\t<div class=\"image-caption tb_text_wrap\">\n\t\t    <b>O Hospital de Todos os Santos e a sua Rela\u00e7\u00e3o com a Coroa<\/b>\n\nRute Ramos\n\nISBN 978-989-566-126-8\t    <\/div>\n\t    <!-- \/image-caption -->\n\t    \t<\/div>\n\t<!-- \/image-content -->\n    \t\t\t<\/div>\n\t\t<!-- \/image-wrap -->\n\t<\/div>\n<!-- \/module image --><!-- module text -->\n<div  class=\"module module-text tb_fuxk462   \" data-lazy=\"1\">\n\t    <div  class=\"tb_text_wrap\">\n\t\t<h4><a class=\"lightbox-builder themify_lightbox\" href=\"https:\/\/cidehus.uevora.pt\/wp-content\/uploads\/2024\/07\/outras-publicacoes-o-hospital-de-todos-os-santos-e-a-sua-relacao-com-a-coroa.jpg\">O Hospital de Todos os Santos e a sua Rela\u00e7\u00e3o com a Coroa<\/a><\/h4>\n    <\/div>\n<\/div>\n<!-- \/module text -->\t\t<\/div>\n\t\t\t\t\t\t<\/div>\n\t\t<\/div>\n\t\t    <\/div>\n<!--\/themify_builder_content-->\t\t\t\n\t\t<\/div><!-- \/.entry-content -->\n\t\t\n\t\t<\/div>\n\t\t<!-- \/.post-content-inner -->\n\t<\/div>\n\t<!-- \/.post-content -->\n\t\n<\/article>\n<!-- \/.post -->\n<article id=\"post-4808\" class=\"post tf_clearfix post-4808 outras-publicacoes type-outras-publicacoes status-publish hentry anopublicacoes-publicacao2021-en no-post-title no-post-date has-post-category has-post-tag has-post-comment has-post-author \">\n\t    \n\t\t<div class=\"post-content\">\n\t\t<div class=\"post-content-inner\">\n\n\t\t\t\n\t\t\t\n\t\t\t\n\t\t\t\n\t\t\t\t\t<div class=\"entry-content\">\n\n\t\t\t\t\t\t\t\t\t\t<!--themify_builder_content-->\n    <div  class=\"themify_builder_content themify_builder_content-4808 themify_builder not_editable_builder in_the_loop\" data-postid=\"4808\">\n        \t\t\t\t<div  data-lazy=\"1\" class=\"module_row themify_builder_row tb_i7hz38 tf_w\">\n\t\t\t\t\t\t<div class=\"row_inner col_align_top tb_col_count_1 tf_box tf_rel\">\n\t\t\t\t\t\t<div  data-lazy=\"1\" class=\"module_column tb-column col-full tb_drct38 first\">\n\t\t\t\t\t<!-- module image -->\n<div  class=\"module module-image tb_vr9838 image-overlay   active-caption-hover tf_mw\" data-lazy=\"1\">\n        <div class=\"image-wrap tf_rel tf_mw\">\n\t\t    <img loading=\"lazy\" decoding=\"async\" width=\"532\" height=\"752\" src=\"https:\/\/cidehus.uevora.pt\/wp-content\/uploads\/2024\/07\/outras-publicacoes-conflictos-y-resistencias-la-construccion-de-la-imagen-del-otro.jpg\" class=\"wp-post-image wp-image-3990\" title=\"outras-publicacoes-conflictos-y-resistencias-la-construccion-de-la-imagen-del-otro\" alt=\"Conflictos y resistencias: La construcci\u00f3n de la imagen del &quot;otro&quot;\nSelecci\u00f3n de documentos fundamentales para la comprensi\u00f3n de la expansi\u00f3n atl\u00e1ntica\n\nOsvaldo V\u00edctor Pereyra\nCarolina Sancholuz\nEmir Reitano\nSusana Aguirre\n(coords.)\nISBN 9789878682457\" srcset=\"https:\/\/cidehus.uevora.pt\/wp-content\/uploads\/2024\/07\/outras-publicacoes-conflictos-y-resistencias-la-construccion-de-la-imagen-del-otro.jpg 532w, https:\/\/cidehus.uevora.pt\/wp-content\/uploads\/2024\/07\/outras-publicacoes-conflictos-y-resistencias-la-construccion-de-la-imagen-del-otro-212x300.jpg 212w\" sizes=\"auto, (max-width: 532px) 100vw, 532px\" \/>\t\n\t\n    \t<div class=\"image-content\">\n\t    \t    \t\t<div class=\"image-caption tb_text_wrap\">\n\t\t    <b>Conflictos y resistencias: La construcci\u00f3n de la imagen del &#8220;otro&#8221;<\/b>\nSelecci\u00f3n de documentos fundamentales para la comprensi\u00f3n de la expansi\u00f3n atl\u00e1ntica\n\nOsvaldo V\u00edctor Pereyra\nCarolina Sancholuz\nEmir Reitano\nSusana Aguirre\n(coords.)\nISBN 9789878682457\t    <\/div>\n\t    <!-- \/image-caption -->\n\t    \t<\/div>\n\t<!-- \/image-content -->\n    \t\t\t<\/div>\n\t\t<!-- \/image-wrap -->\n\t<\/div>\n<!-- \/module image --><!-- module text -->\n<div  class=\"module module-text tb_mf0o38   \" data-lazy=\"1\">\n\t    <div  class=\"tb_text_wrap\">\n\t\t<h4><a class=\"lightbox-builder themify_lightbox\" href=\"https:\/\/cidehus.uevora.pt\/wp-content\/uploads\/2024\/07\/outras-publicacoes-conflictos-y-resistencias-la-construccion-de-la-imagen-del-otro.jpg\">Conflictos y resistencias: La construcci\u00f3n de la imagen del &#8220;otro&#8221;<\/a><\/h4>\n    <\/div>\n<\/div>\n<!-- \/module text -->\t\t<\/div>\n\t\t\t\t\t\t<\/div>\n\t\t<\/div>\n\t\t    <\/div>\n<!--\/themify_builder_content-->\t\t\t\n\t\t<\/div><!-- \/.entry-content -->\n\t\t\n\t\t<\/div>\n\t\t<!-- \/.post-content-inner -->\n\t<\/div>\n\t<!-- \/.post-content -->\n\t\n<\/article>\n<!-- \/.post -->\n<article id=\"post-4809\" class=\"post tf_clearfix post-4809 outras-publicacoes type-outras-publicacoes status-publish hentry anopublicacoes-publicacao2021-en no-post-title no-post-date has-post-category has-post-tag has-post-comment has-post-author \">\n\t    \n\t\t<div class=\"post-content\">\n\t\t<div class=\"post-content-inner\">\n\n\t\t\t\n\t\t\t\n\t\t\t\n\t\t\t\n\t\t\t\t\t<div class=\"entry-content\">\n\n\t\t\t\t\t\t\t\t\t\t<!--themify_builder_content-->\n    <div  class=\"themify_builder_content themify_builder_content-4809 themify_builder not_editable_builder in_the_loop\" data-postid=\"4809\">\n        \t\t\t\t<div  data-lazy=\"1\" class=\"module_row themify_builder_row tb_wrw5967 tf_w\">\n\t\t\t\t\t\t<div class=\"row_inner col_align_top tb_col_count_1 tf_box tf_rel\">\n\t\t\t\t\t\t<div  data-lazy=\"1\" class=\"module_column tb-column col-full tb_5u88967 first\">\n\t\t\t\t\t<!-- module image -->\n<div  class=\"module module-image tb_1xhy967 image-overlay   active-caption-hover tf_mw\" data-lazy=\"1\">\n        <div class=\"image-wrap tf_rel tf_mw\">\n\t\t    <img loading=\"lazy\" decoding=\"async\" width=\"532\" height=\"752\" src=\"https:\/\/cidehus.uevora.pt\/wp-content\/uploads\/2024\/07\/outras-publicacoes-o-foral-de-aguiar-de-1269.jpg\" class=\"wp-post-image wp-image-3991\" title=\"outras-publicacoes-o-foral-de-aguiar-de-1269\" alt=\"O Foral de Aguiar de 1269\n\nF\u00e1tima Farrica\n\nISBN 978-989-658-677-5\" srcset=\"https:\/\/cidehus.uevora.pt\/wp-content\/uploads\/2024\/07\/outras-publicacoes-o-foral-de-aguiar-de-1269.jpg 532w, https:\/\/cidehus.uevora.pt\/wp-content\/uploads\/2024\/07\/outras-publicacoes-o-foral-de-aguiar-de-1269-212x300.jpg 212w\" sizes=\"auto, (max-width: 532px) 100vw, 532px\" \/>\t\n\t\n    \t<div class=\"image-content\">\n\t    \t    \t\t<div class=\"image-caption tb_text_wrap\">\n\t\t    <b>O Foral de Aguiar de 1269<\/b>\n\nF\u00e1tima Farrica\n\nISBN 978-989-658-677-5\t    <\/div>\n\t    <!-- \/image-caption -->\n\t    \t<\/div>\n\t<!-- \/image-content -->\n    \t\t\t<\/div>\n\t\t<!-- \/image-wrap -->\n\t<\/div>\n<!-- \/module image --><!-- module text -->\n<div  class=\"module module-text tb_9bz2967   \" data-lazy=\"1\">\n\t    <div  class=\"tb_text_wrap\">\n\t\t<h4><a class=\"lightbox-builder themify_lightbox\" href=\"https:\/\/cidehus.uevora.pt\/wp-content\/uploads\/2024\/07\/outras-publicacoes-o-foral-de-aguiar-de-1269.jpg\">O Foral de Aguiar de 1269<\/a><\/h4>\n    <\/div>\n<\/div>\n<!-- \/module text -->\t\t<\/div>\n\t\t\t\t\t\t<\/div>\n\t\t<\/div>\n\t\t    <\/div>\n<!--\/themify_builder_content-->\t\t\t\n\t\t<\/div><!-- \/.entry-content -->\n\t\t\n\t\t<\/div>\n\t\t<!-- \/.post-content-inner -->\n\t<\/div>\n\t<!-- \/.post-content -->\n\t\n<\/article>\n<!-- \/.post -->\n<article id=\"post-4810\" class=\"post tf_clearfix post-4810 outras-publicacoes type-outras-publicacoes status-publish hentry anopublicacoes-publicacao2021-en no-post-title no-post-date has-post-category has-post-tag has-post-comment has-post-author \">\n\t    \n\t\t<div class=\"post-content\">\n\t\t<div class=\"post-content-inner\">\n\n\t\t\t\n\t\t\t\n\t\t\t\n\t\t\t\n\t\t\t\t\t<div class=\"entry-content\">\n\n\t\t\t\t\t\t\t\t\t\t<!--themify_builder_content-->\n    <div  class=\"themify_builder_content themify_builder_content-4810 themify_builder not_editable_builder in_the_loop\" data-postid=\"4810\">\n        \t\t\t\t<div  data-lazy=\"1\" class=\"module_row themify_builder_row tb_pelt63 tf_w\">\n\t\t\t\t\t\t<div class=\"row_inner col_align_top tb_col_count_1 tf_box tf_rel\">\n\t\t\t\t\t\t<div  data-lazy=\"1\" class=\"module_column tb-column col-full tb_2cru63 first\">\n\t\t\t\t\t<!-- module image -->\n<div  class=\"module module-image tb_rula63 image-overlay   active-caption-hover tf_mw\" data-lazy=\"1\">\n        <div class=\"image-wrap tf_rel tf_mw\">\n\t\t    <img loading=\"lazy\" decoding=\"async\" width=\"532\" height=\"752\" src=\"https:\/\/cidehus.uevora.pt\/wp-content\/uploads\/2024\/07\/outras-publicacoes-social-tourism.jpg\" class=\"wp-post-image wp-image-3992\" title=\"outras-publicacoes-social-tourism\" alt=\"Social Tourism\nGlobal Challenges and Approaches\n\nJoana Lima\nCeleste Eus\u00e9bio\n(eds.)\n\nISBN 978-1-78924-121-1\" srcset=\"https:\/\/cidehus.uevora.pt\/wp-content\/uploads\/2024\/07\/outras-publicacoes-social-tourism.jpg 532w, https:\/\/cidehus.uevora.pt\/wp-content\/uploads\/2024\/07\/outras-publicacoes-social-tourism-212x300.jpg 212w\" sizes=\"auto, (max-width: 532px) 100vw, 532px\" \/>\t\n\t\n    \t<div class=\"image-content\">\n\t    \t    \t\t<div class=\"image-caption tb_text_wrap\">\n\t\t    <b>Social Tourism<\/b>\nGlobal Challenges and Approaches\n\nJoana Lima\nCeleste Eus\u00e9bio\n(eds.)\n\nISBN 978-1-78924-121-1\t    <\/div>\n\t    <!-- \/image-caption -->\n\t    \t<\/div>\n\t<!-- \/image-content -->\n    \t\t\t<\/div>\n\t\t<!-- \/image-wrap -->\n\t<\/div>\n<!-- \/module image --><!-- module text -->\n<div  class=\"module module-text tb_agog63   \" data-lazy=\"1\">\n\t    <div  class=\"tb_text_wrap\">\n\t\t<h4><a class=\"lightbox-builder themify_lightbox\" href=\"https:\/\/cidehus.uevora.pt\/wp-content\/uploads\/2024\/07\/outras-publicacoes-social-tourism.jpg\">Social Tourism<\/a><\/h4>\n    <\/div>\n<\/div>\n<!-- \/module text -->\t\t<\/div>\n\t\t\t\t\t\t<\/div>\n\t\t<\/div>\n\t\t    <\/div>\n<!--\/themify_builder_content-->\t\t\t\n\t\t<\/div><!-- \/.entry-content -->\n\t\t\n\t\t<\/div>\n\t\t<!-- \/.post-content-inner -->\n\t<\/div>\n\t<!-- \/.post-content -->\n\t\n<\/article>\n<!-- \/.post -->\n<article id=\"post-4811\" class=\"post tf_clearfix post-4811 outras-publicacoes type-outras-publicacoes status-publish hentry anopublicacoes-publicacao2021-en no-post-title no-post-date has-post-category has-post-tag has-post-comment has-post-author \">\n\t    \n\t\t<div class=\"post-content\">\n\t\t<div class=\"post-content-inner\">\n\n\t\t\t\n\t\t\t\n\t\t\t\n\t\t\t\n\t\t\t\t\t<div class=\"entry-content\">\n\n\t\t\t\t\t\t\t\t\t\t<!--themify_builder_content-->\n    <div  class=\"themify_builder_content themify_builder_content-4811 themify_builder not_editable_builder in_the_loop\" data-postid=\"4811\">\n        \t\t\t\t<div  data-lazy=\"1\" class=\"module_row themify_builder_row tb_nf21376 tf_w\">\n\t\t\t\t\t\t<div class=\"row_inner col_align_top tb_col_count_1 tf_box tf_rel\">\n\t\t\t\t\t\t<div  data-lazy=\"1\" class=\"module_column tb-column col-full tb_h0ly376 first\">\n\t\t\t\t\t<!-- module image -->\n<div  class=\"module module-image tb_hrd7376 image-overlay   active-caption-hover tf_mw\" data-lazy=\"1\">\n        <div class=\"image-wrap tf_rel tf_mw\">\n\t\t    <img loading=\"lazy\" decoding=\"async\" width=\"532\" height=\"752\" src=\"https:\/\/cidehus.uevora.pt\/wp-content\/uploads\/2024\/07\/outras-publicacoes-the-first-world-empire.jpg\" class=\"wp-post-image wp-image-3993\" title=\"outras-publicacoes-the-first-world-empire\" alt=\"The First World Empire\nPortugal, War and Military Revolution\n\nH\u00e9lder Carvalhal\nAndr\u00e9 Murteira\nRoger Lee de Jesus\n(eds.)\n\nISBN 978-0-367-36548-6\" srcset=\"https:\/\/cidehus.uevora.pt\/wp-content\/uploads\/2024\/07\/outras-publicacoes-the-first-world-empire.jpg 532w, https:\/\/cidehus.uevora.pt\/wp-content\/uploads\/2024\/07\/outras-publicacoes-the-first-world-empire-212x300.jpg 212w\" sizes=\"auto, (max-width: 532px) 100vw, 532px\" \/>\t\n\t\n    \t<div class=\"image-content\">\n\t    \t    \t\t<div class=\"image-caption tb_text_wrap\">\n\t\t    <b>The First World Empire<\/b>\nPortugal, War and Military Revolution\n\nH\u00e9lder Carvalhal\nAndr\u00e9 Murteira\nRoger Lee de Jesus\n(eds.)\n\nISBN 978-0-367-36548-6\t    <\/div>\n\t    <!-- \/image-caption -->\n\t    \t<\/div>\n\t<!-- \/image-content -->\n    \t\t\t<\/div>\n\t\t<!-- \/image-wrap -->\n\t<\/div>\n<!-- \/module image --><!-- module text -->\n<div  class=\"module module-text tb_nr5y376   \" data-lazy=\"1\">\n\t    <div  class=\"tb_text_wrap\">\n\t\t<h4><a class=\"lightbox-builder themify_lightbox\" href=\"https:\/\/cidehus.uevora.pt\/wp-content\/uploads\/2024\/07\/outras-publicacoes-the-first-world-empire.jpg\">The First World Empire<\/a><\/h4>\n    <\/div>\n<\/div>\n<!-- \/module text -->\t\t<\/div>\n\t\t\t\t\t\t<\/div>\n\t\t<\/div>\n\t\t    <\/div>\n<!--\/themify_builder_content-->\t\t\t\n\t\t<\/div><!-- \/.entry-content -->\n\t\t\n\t\t<\/div>\n\t\t<!-- \/.post-content-inner -->\n\t<\/div>\n\t<!-- \/.post-content -->\n\t\n<\/article>\n<!-- \/.post -->\n<article id=\"post-4812\" class=\"post tf_clearfix post-4812 outras-publicacoes type-outras-publicacoes status-publish hentry anopublicacoes-publicacao2021-en no-post-title no-post-date has-post-category has-post-tag has-post-comment has-post-author \">\n\t    \n\t\t<div class=\"post-content\">\n\t\t<div class=\"post-content-inner\">\n\n\t\t\t\n\t\t\t\n\t\t\t\n\t\t\t\n\t\t\t\t\t<div class=\"entry-content\">\n\n\t\t\t\t\t\t\t\t\t\t<!--themify_builder_content-->\n    <div  class=\"themify_builder_content themify_builder_content-4812 themify_builder not_editable_builder in_the_loop\" data-postid=\"4812\">\n        \t\t\t\t<div  data-lazy=\"1\" class=\"module_row themify_builder_row tb_vcy2400 tf_w\">\n\t\t\t\t\t\t<div class=\"row_inner col_align_top tb_col_count_1 tf_box tf_rel\">\n\t\t\t\t\t\t<div  data-lazy=\"1\" class=\"module_column tb-column col-full tb_wlu4400 first\">\n\t\t\t\t\t<!-- module image -->\n<div  class=\"module module-image tb_7ptv400 image-overlay   active-caption-hover tf_mw\" data-lazy=\"1\">\n        <div class=\"image-wrap tf_rel tf_mw\">\n\t\t    <img loading=\"lazy\" decoding=\"async\" width=\"347\" height=\"499\" src=\"https:\/\/cidehus.uevora.pt\/wp-content\/uploads\/2024\/07\/outras-publicacoes-a-interacao-social-em-turismo.jpg\" class=\"wp-post-image wp-image-3994\" title=\"outras-publicacoes-a-interacao-social-em-turismo\" alt=\"A intera\u00e7\u00e3o social em turismo\nUma introdu\u00e7\u00e3o\n\nNo\u00e9mi Marujo\n\nISBN 978-989-53102-0-3\" srcset=\"https:\/\/cidehus.uevora.pt\/wp-content\/uploads\/2024\/07\/outras-publicacoes-a-interacao-social-em-turismo.jpg 347w, https:\/\/cidehus.uevora.pt\/wp-content\/uploads\/2024\/07\/outras-publicacoes-a-interacao-social-em-turismo-209x300.jpg 209w\" sizes=\"auto, (max-width: 347px) 100vw, 347px\" \/>\t\n\t\n    \t<div class=\"image-content\">\n\t    \t    \t\t<div class=\"image-caption tb_text_wrap\">\n\t\t    <b>A intera\u00e7\u00e3o social em turismo<\/b>\nUma introdu\u00e7\u00e3o\n\nNo\u00e9mi Marujo\n\nISBN 978-989-53102-0-3\t    <\/div>\n\t    <!-- \/image-caption -->\n\t    \t<\/div>\n\t<!-- \/image-content -->\n    \t\t\t<\/div>\n\t\t<!-- \/image-wrap -->\n\t<\/div>\n<!-- \/module image --><!-- module text -->\n<div  class=\"module module-text tb_44nb400   \" data-lazy=\"1\">\n\t    <div  class=\"tb_text_wrap\">\n\t\t<h4><a class=\"lightbox-builder themify_lightbox\" href=\"https:\/\/cidehus.uevora.pt\/wp-content\/uploads\/2024\/07\/outras-publicacoes-a-interacao-social-em-turismo.jpg\">A intera\u00e7\u00e3o social em turismo<\/a><\/h4>\n    <\/div>\n<\/div>\n<!-- \/module text -->\t\t<\/div>\n\t\t\t\t\t\t<\/div>\n\t\t<\/div>\n\t\t    <\/div>\n<!--\/themify_builder_content-->\t\t\t\n\t\t<\/div><!-- \/.entry-content -->\n\t\t\n\t\t<\/div>\n\t\t<!-- \/.post-content-inner -->\n\t<\/div>\n\t<!-- \/.post-content -->\n\t\n<\/article>\n<!-- \/.post -->\n<article id=\"post-4813\" class=\"post tf_clearfix post-4813 outras-publicacoes type-outras-publicacoes status-publish hentry anopublicacoes-publicacao2021-en no-post-title no-post-date has-post-category has-post-tag has-post-comment has-post-author \">\n\t    \n\t\t<div class=\"post-content\">\n\t\t<div class=\"post-content-inner\">\n\n\t\t\t\n\t\t\t\n\t\t\t\n\t\t\t\n\t\t\t\t\t<div class=\"entry-content\">\n\n\t\t\t\t\t\t\t\t\t\t<!--themify_builder_content-->\n    <div  class=\"themify_builder_content themify_builder_content-4813 themify_builder not_editable_builder in_the_loop\" data-postid=\"4813\">\n        \t\t\t\t<div  data-lazy=\"1\" class=\"module_row themify_builder_row tb_ywcv401 tf_w\">\n\t\t\t\t\t\t<div class=\"row_inner col_align_top tb_col_count_1 tf_box tf_rel\">\n\t\t\t\t\t\t<div  data-lazy=\"1\" class=\"module_column tb-column col-full tb_mf2e401 first\">\n\t\t\t\t\t<!-- module image -->\n<div  class=\"module module-image tb_8elt401 image-overlay   active-caption-hover tf_mw\" data-lazy=\"1\">\n        <div class=\"image-wrap tf_rel tf_mw\">\n\t\t    <img loading=\"lazy\" decoding=\"async\" width=\"532\" height=\"752\" src=\"https:\/\/cidehus.uevora.pt\/wp-content\/uploads\/2024\/07\/outras-publicacoes-resistencias.jpg\" class=\"wp-post-image wp-image-3995\" title=\"outras-publicacoes-resistencias\" alt=\"Resist\u00eancias\nInsubmiss\u00e3o e Revolta no Imp\u00e9rio Portugu\u00eas\n\nMafalda Soares da Cunha\n(coord.)\n\nISBN 978-989-661-207-8\" srcset=\"https:\/\/cidehus.uevora.pt\/wp-content\/uploads\/2024\/07\/outras-publicacoes-resistencias.jpg 532w, https:\/\/cidehus.uevora.pt\/wp-content\/uploads\/2024\/07\/outras-publicacoes-resistencias-212x300.jpg 212w\" sizes=\"auto, (max-width: 532px) 100vw, 532px\" \/>\t\n\t\n    \t<div class=\"image-content\">\n\t    \t    \t\t<div class=\"image-caption tb_text_wrap\">\n\t\t    <b>Resist\u00eancias<\/b>\nInsubmiss\u00e3o e Revolta no Imp\u00e9rio Portugu\u00eas\n\nMafalda Soares da Cunha\n(coord.)\n\nISBN 978-989-661-207-8\t    <\/div>\n\t    <!-- \/image-caption -->\n\t    \t<\/div>\n\t<!-- \/image-content -->\n    \t\t\t<\/div>\n\t\t<!-- \/image-wrap -->\n\t<\/div>\n<!-- \/module image --><!-- module text -->\n<div  class=\"module module-text tb_ps31401   \" data-lazy=\"1\">\n\t    <div  class=\"tb_text_wrap\">\n\t\t<h4><a class=\"lightbox-builder themify_lightbox\" href=\"https:\/\/cidehus.uevora.pt\/wp-content\/uploads\/2024\/07\/outras-publicacoes-resistencias.jpg\">Resist\u00eancias<\/a><\/h4>\n    <\/div>\n<\/div>\n<!-- \/module text -->\t\t<\/div>\n\t\t\t\t\t\t<\/div>\n\t\t<\/div>\n\t\t    <\/div>\n<!--\/themify_builder_content-->\t\t\t\n\t\t<\/div><!-- \/.entry-content -->\n\t\t\n\t\t<\/div>\n\t\t<!-- \/.post-content-inner -->\n\t<\/div>\n\t<!-- \/.post-content -->\n\t\n<\/article>\n<!-- \/.post -->\n<article id=\"post-4814\" class=\"post tf_clearfix post-4814 outras-publicacoes type-outras-publicacoes status-publish hentry anopublicacoes-publicacao2021-en no-post-title no-post-date has-post-category has-post-tag has-post-comment has-post-author \">\n\t    \n\t\t<div class=\"post-content\">\n\t\t<div class=\"post-content-inner\">\n\n\t\t\t\n\t\t\t\n\t\t\t\n\t\t\t\n\t\t\t\t\t<div class=\"entry-content\">\n\n\t\t\t\t\t\t\t\t\t\t<!--themify_builder_content-->\n    <div  class=\"themify_builder_content themify_builder_content-4814 themify_builder not_editable_builder in_the_loop\" data-postid=\"4814\">\n        \t\t\t\t<div  data-lazy=\"1\" class=\"module_row themify_builder_row tb_8dqs64 tf_w\">\n\t\t\t\t\t\t<div class=\"row_inner col_align_top tb_col_count_1 tf_box tf_rel\">\n\t\t\t\t\t\t<div  data-lazy=\"1\" class=\"module_column tb-column col-full tb_w0z464 first\">\n\t\t\t\t\t<!-- module image -->\n<div  class=\"module module-image tb_7iu064 image-overlay   active-caption-hover tf_mw\" data-lazy=\"1\">\n        <div class=\"image-wrap tf_rel tf_mw\">\n\t\t    <img loading=\"lazy\" decoding=\"async\" width=\"532\" height=\"752\" src=\"https:\/\/cidehus.uevora.pt\/wp-content\/uploads\/2024\/07\/outras-publicacoes-sonoridades-eborenses.jpg\" class=\"wp-post-image wp-image-3996\" title=\"outras-publicacoes-sonoridades-eborenses\" alt=\"Sonoridades Eborenses\n\nVanda de S\u00e1\nRodrigo Teodoro de Paula\nAnt\u00f3nia Fialho Conde\nAnt\u00f3nio Cam\u00f5es Gouveia\n(eds.)\n\nISBN 978-989-755-688-3\" srcset=\"https:\/\/cidehus.uevora.pt\/wp-content\/uploads\/2024\/07\/outras-publicacoes-sonoridades-eborenses.jpg 532w, https:\/\/cidehus.uevora.pt\/wp-content\/uploads\/2024\/07\/outras-publicacoes-sonoridades-eborenses-212x300.jpg 212w\" sizes=\"auto, (max-width: 532px) 100vw, 532px\" \/>\t\n\t\n    \t<div class=\"image-content\">\n\t    \t    \t\t<div class=\"image-caption tb_text_wrap\">\n\t\t    <b>Sonoridades Eborenses<\/b>\n\nVanda de S\u00e1\nRodrigo Teodoro de Paula\nAnt\u00f3nia Fialho Conde\nAnt\u00f3nio Cam\u00f5es Gouveia\n(eds.)\n\nISBN 978-989-755-688-3\t    <\/div>\n\t    <!-- \/image-caption -->\n\t    \t<\/div>\n\t<!-- \/image-content -->\n    \t\t\t<\/div>\n\t\t<!-- \/image-wrap -->\n\t<\/div>\n<!-- \/module image --><!-- module text -->\n<div  class=\"module module-text tb_jw2m64   \" data-lazy=\"1\">\n\t    <div  class=\"tb_text_wrap\">\n\t\t<h4><a class=\"lightbox-builder themify_lightbox\" href=\"https:\/\/cidehus.uevora.pt\/wp-content\/uploads\/2024\/07\/outras-publicacoes-sonoridades-eborenses.jpg\">Sonoridades Eborenses<\/a><\/h4>\n    <\/div>\n<\/div>\n<!-- \/module text -->\t\t<\/div>\n\t\t\t\t\t\t<\/div>\n\t\t<\/div>\n\t\t    <\/div>\n<!--\/themify_builder_content-->\t\t\t\n\t\t<\/div><!-- \/.entry-content -->\n\t\t\n\t\t<\/div>\n\t\t<!-- \/.post-content-inner -->\n\t<\/div>\n\t<!-- \/.post-content -->\n\t\n<\/article>\n<!-- \/.post -->\n<article id=\"post-4815\" class=\"post tf_clearfix post-4815 outras-publicacoes type-outras-publicacoes status-publish hentry anopublicacoes-publicacao2021-en no-post-title no-post-date has-post-category has-post-tag has-post-comment has-post-author \">\n\t    \n\t\t<div class=\"post-content\">\n\t\t<div class=\"post-content-inner\">\n\n\t\t\t\n\t\t\t\n\t\t\t\n\t\t\t\n\t\t\t\t\t<div class=\"entry-content\">\n\n\t\t\t\t\t\t\t\t\t\t<!--themify_builder_content-->\n    <div  class=\"themify_builder_content themify_builder_content-4815 themify_builder not_editable_builder in_the_loop\" data-postid=\"4815\">\n        \t\t\t\t<div  data-lazy=\"1\" class=\"module_row themify_builder_row tb_6x07344 tf_w\">\n\t\t\t\t\t\t<div class=\"row_inner col_align_top tb_col_count_1 tf_box tf_rel\">\n\t\t\t\t\t\t<div  data-lazy=\"1\" class=\"module_column tb-column col-full tb_8tuu344 first\">\n\t\t\t\t\t<!-- module image -->\n<div  class=\"module module-image tb_elsx344 image-overlay   active-caption-hover tf_mw\" data-lazy=\"1\">\n        <div class=\"image-wrap tf_rel tf_mw\">\n\t\t    <img loading=\"lazy\" decoding=\"async\" width=\"1744\" height=\"2465\" src=\"https:\/\/cidehus.uevora.pt\/wp-content\/uploads\/2024\/07\/outras-cultura-arte-religiosidade.jpg\" class=\"wp-post-image wp-image-3997\" title=\"outras-cultura-arte-religiosidade\" alt=\"Cultura, Arte &amp; Religiosidade\nHist\u00f3ria, Mem\u00f3ria, Sociedades &amp; Patrim\u00f4nio\n\nVandeir Jos\u00e9 da Silva\nGiselda Shirley da Silva\nAnt\u00f3nia Fialho Conde\nOlga Magalh\u00e3es\n(orgs.)\n\nISBN 978-65-00-24805-0\" srcset=\"https:\/\/cidehus.uevora.pt\/wp-content\/uploads\/2024\/07\/outras-cultura-arte-religiosidade.jpg 1744w, https:\/\/cidehus.uevora.pt\/wp-content\/uploads\/2024\/07\/outras-cultura-arte-religiosidade-212x300.jpg 212w, https:\/\/cidehus.uevora.pt\/wp-content\/uploads\/2024\/07\/outras-cultura-arte-religiosidade-724x1024.jpg 724w, https:\/\/cidehus.uevora.pt\/wp-content\/uploads\/2024\/07\/outras-cultura-arte-religiosidade-768x1086.jpg 768w, https:\/\/cidehus.uevora.pt\/wp-content\/uploads\/2024\/07\/outras-cultura-arte-religiosidade-1087x1536.jpg 1087w, https:\/\/cidehus.uevora.pt\/wp-content\/uploads\/2024\/07\/outras-cultura-arte-religiosidade-1449x2048.jpg 1449w\" sizes=\"auto, (max-width: 1744px) 100vw, 1744px\" \/>\t\n\t\n    \t<div class=\"image-content\">\n\t    \t    \t\t<div class=\"image-caption tb_text_wrap\">\n\t\t    <b>Cultura, Arte &#038; Religiosidade<\/b>\nHist\u00f3ria, Mem\u00f3ria, Sociedades &#038; Patrim\u00f4nio\n\nVandeir Jos\u00e9 da Silva\nGiselda Shirley da Silva\nAnt\u00f3nia Fialho Conde\nOlga Magalh\u00e3es\n(orgs.)\n\nISBN 978-65-00-24805-0\t    <\/div>\n\t    <!-- \/image-caption -->\n\t    \t<\/div>\n\t<!-- \/image-content -->\n    \t\t\t<\/div>\n\t\t<!-- \/image-wrap -->\n\t<\/div>\n<!-- \/module image --><!-- module text -->\n<div  class=\"module module-text tb_79rv344   \" data-lazy=\"1\">\n\t    <div  class=\"tb_text_wrap\">\n\t\t<h4><a class=\"lightbox-builder themify_lightbox\" href=\"https:\/\/cidehus.uevora.pt\/wp-content\/uploads\/2024\/07\/outras-cultura-arte-religiosidade.jpg\">Cultura, Arte &#038; Religiosidade<\/a><\/h4>\n    <\/div>\n<\/div>\n<!-- \/module text -->\t\t<\/div>\n\t\t\t\t\t\t<\/div>\n\t\t<\/div>\n\t\t    <\/div>\n<!--\/themify_builder_content-->\t\t\t\n\t\t<\/div><!-- \/.entry-content -->\n\t\t\n\t\t<\/div>\n\t\t<!-- \/.post-content-inner -->\n\t<\/div>\n\t<!-- \/.post-content -->\n\t\n<\/article>\n<!-- \/.post -->\n\t<\/div><!-- .builder-posts-wrap -->\n\t\t\t\t\t\t\t\t\t\t\t\t<\/div>\n<!-- \/module post -->\n\t\t\t<\/div>\n\t\t\t\t\t<div  data-lazy=\"1\" class=\"module_column tb-column col4-2 tb_bb7d926 ispageside last\">\n\t\t\t\t\t<!-- module widgetized -->\n<div  class=\"module module-widgetized tb_0v19517  \" data-lazy=\"1\">\n    <div id=\"nav_menu-9\" class=\"widget widget_nav_menu\"><h4 class=\"widgettitle\">Publications<\/h4><div class=\"menu-publicacoesmenuen-container\"><ul id=\"menu-publicacoesmenuen\" class=\"menu\"><li id=\"menu-item-4904\" class=\"menu-item menu-item-type-post_type menu-item-object-page menu-item-4904\"><a href=\"https:\/\/cidehus.uevora.pt\/en\/publications\/cidehus-editions\/\">CIDEHUS Editions<\/a><\/li>\n<li id=\"menu-item-4905\" class=\"menu-item menu-item-type-post_type menu-item-object-page menu-item-4905\"><a href=\"https:\/\/cidehus.uevora.pt\/en\/publications\/other-publications\/\">Other Publications<\/a><\/li>\n<li id=\"menu-item-4906\" class=\"sidemenuhasi menu-item menu-item-type-custom menu-item-object-custom menu-item-4906\"><a href=\"https:\/\/dspace.uevora.pt\/rdpc\/handle\/10174\/49?locale=en\">Repository<\/a><\/li>\n<li id=\"menu-item-4907\" class=\"menu-item menu-item-type-post_type menu-item-object-page menu-item-4907\"><a href=\"https:\/\/cidehus.uevora.pt\/en\/publications\/newsletters\/\">Newsletters<\/a><\/li>\n<\/ul><\/div><\/div><\/div>\n<!-- \/module widgetized -->\t\t<\/div>\n\t\t\t\t\t\t<\/div>\n\t\t<\/div>\n\t\t<\/div>\n<!--\/themify_builder_content-->","protected":false},"excerpt":{"rendered":"<p>Publications Home \/Publications \/Other Publications Other Publications 2024 | 2023 | 2022 | 2021 | 2020 | 2019 | 2018 Publications CIDEHUS editions Other Publications Repository Newsletters Publica\u00e7\u00f5es CIDEHUS editions [&hellip;]<\/p>\n","protected":false},"author":1,"featured_media":0,"parent":4505,"menu_order":2,"comment_status":"closed","ping_status":"closed","template":"","meta":{"inline_featured_image":false,"footnotes":"","_links_to":"","_links_to_target":""},"class_list":["post-4510","page","type-page","status-publish","hentry","has-post-title","has-post-date","has-post-category","has-post-tag","has-post-comment","has-post-author",""],"yoast_head":"<title>Other Publications 2021 - CIDEHUS<\/title>\n<meta name=\"robots\" content=\"index, follow, max-snippet:-1, max-image-preview:large, max-video-preview:-1\" \/>\n<link rel=\"canonical\" href=\"https:\/\/cidehus.uevora.pt\/en\/publications\/other-publications-2021\/\" \/>\n<meta property=\"og:locale\" content=\"en_US\" \/>\n<meta property=\"og:type\" content=\"article\" \/>\n<meta property=\"og:title\" content=\"Other Publications 2021 - CIDEHUS\" \/>\n<meta property=\"og:description\" content=\"Publications Home \/Publications \/Other Publications Other Publications 2024 | 2023 | 2022 | 2021 | 2020 | 2019 | 2018 Publications CIDEHUS editions Other Publications Repository Newsletters Publica\u00e7\u00f5es CIDEHUS editions [&hellip;]\" \/>\n<meta property=\"og:url\" content=\"https:\/\/cidehus.uevora.pt\/en\/publications\/other-publications-2021\/\" \/>\n<meta property=\"og:site_name\" content=\"CIDEHUS\" \/>\n<meta property=\"article:modified_time\" content=\"2024-09-20T14:13:48+00:00\" \/>\n<meta name=\"twitter:card\" content=\"summary_large_image\" \/>\n<script type=\"application\/ld+json\" class=\"yoast-schema-graph\">{\"@context\":\"https:\/\/schema.org\",\"@graph\":[{\"@type\":\"WebPage\",\"@id\":\"https:\/\/cidehus.uevora.pt\/en\/publications\/other-publications-2021\/\",\"url\":\"https:\/\/cidehus.uevora.pt\/en\/publications\/other-publications-2021\/\",\"name\":\"Other Publications 2021 - CIDEHUS\",\"isPartOf\":{\"@id\":\"https:\/\/cidehus.uevora.pt\/#website\"},\"datePublished\":\"2024-07-11T16:14:58+00:00\",\"dateModified\":\"2024-09-20T14:13:48+00:00\",\"breadcrumb\":{\"@id\":\"https:\/\/cidehus.uevora.pt\/en\/publications\/other-publications-2021\/#breadcrumb\"},\"inLanguage\":\"en-US\",\"potentialAction\":[{\"@type\":\"ReadAction\",\"target\":[\"https:\/\/cidehus.uevora.pt\/en\/publications\/other-publications-2021\/\"]}]},{\"@type\":\"BreadcrumbList\",\"@id\":\"https:\/\/cidehus.uevora.pt\/en\/publications\/other-publications-2021\/#breadcrumb\",\"itemListElement\":[{\"@type\":\"ListItem\",\"position\":1,\"name\":\"In\u00edcio\",\"item\":\"https:\/\/cidehus.uevora.pt\/en\/\"},{\"@type\":\"ListItem\",\"position\":2,\"name\":\"Publications\",\"item\":\"https:\/\/cidehus.uevora.pt\/en\/publications\/\"},{\"@type\":\"ListItem\",\"position\":3,\"name\":\"Other Publications 2021\"}]},{\"@type\":\"WebSite\",\"@id\":\"https:\/\/cidehus.uevora.pt\/#website\",\"url\":\"https:\/\/cidehus.uevora.pt\/\",\"name\":\"CIDEHUS\",\"description\":\"CIDEHUS\",\"potentialAction\":[{\"@type\":\"SearchAction\",\"target\":{\"@type\":\"EntryPoint\",\"urlTemplate\":\"https:\/\/cidehus.uevora.pt\/?s={search_term_string}\"},\"query-input\":{\"@type\":\"PropertyValueSpecification\",\"valueRequired\":true,\"valueName\":\"search_term_string\"}}],\"inLanguage\":\"en-US\"}]}<\/script>","yoast_head_json":{"title":"Other Publications 2021 - CIDEHUS","robots":{"index":"index","follow":"follow","max-snippet":"max-snippet:-1","max-image-preview":"max-image-preview:large","max-video-preview":"max-video-preview:-1"},"canonical":"https:\/\/cidehus.uevora.pt\/en\/publications\/other-publications-2021\/","og_locale":"en_US","og_type":"article","og_title":"Other Publications 2021 - CIDEHUS","og_description":"Publications Home \/Publications \/Other Publications Other Publications 2024 | 2023 | 2022 | 2021 | 2020 | 2019 | 2018 Publications CIDEHUS editions Other Publications Repository Newsletters Publica\u00e7\u00f5es CIDEHUS editions [&hellip;]","og_url":"https:\/\/cidehus.uevora.pt\/en\/publications\/other-publications-2021\/","og_site_name":"CIDEHUS","article_modified_time":"2024-09-20T14:13:48+00:00","twitter_card":"summary_large_image","schema":{"@context":"https:\/\/schema.org","@graph":[{"@type":"WebPage","@id":"https:\/\/cidehus.uevora.pt\/en\/publications\/other-publications-2021\/","url":"https:\/\/cidehus.uevora.pt\/en\/publications\/other-publications-2021\/","name":"Other Publications 2021 - CIDEHUS","isPartOf":{"@id":"https:\/\/cidehus.uevora.pt\/#website"},"datePublished":"2024-07-11T16:14:58+00:00","dateModified":"2024-09-20T14:13:48+00:00","breadcrumb":{"@id":"https:\/\/cidehus.uevora.pt\/en\/publications\/other-publications-2021\/#breadcrumb"},"inLanguage":"en-US","potentialAction":[{"@type":"ReadAction","target":["https:\/\/cidehus.uevora.pt\/en\/publications\/other-publications-2021\/"]}]},{"@type":"BreadcrumbList","@id":"https:\/\/cidehus.uevora.pt\/en\/publications\/other-publications-2021\/#breadcrumb","itemListElement":[{"@type":"ListItem","position":1,"name":"In\u00edcio","item":"https:\/\/cidehus.uevora.pt\/en\/"},{"@type":"ListItem","position":2,"name":"Publications","item":"https:\/\/cidehus.uevora.pt\/en\/publications\/"},{"@type":"ListItem","position":3,"name":"Other Publications 2021"}]},{"@type":"WebSite","@id":"https:\/\/cidehus.uevora.pt\/#website","url":"https:\/\/cidehus.uevora.pt\/","name":"CIDEHUS","description":"CIDEHUS","potentialAction":[{"@type":"SearchAction","target":{"@type":"EntryPoint","urlTemplate":"https:\/\/cidehus.uevora.pt\/?s={search_term_string}"},"query-input":{"@type":"PropertyValueSpecification","valueRequired":true,"valueName":"search_term_string"}}],"inLanguage":"en-US"}]}},"_links":{"self":[{"href":"https:\/\/cidehus.uevora.pt\/en\/wp-json\/wp\/v2\/pages\/4510","targetHints":{"allow":["GET"]}}],"collection":[{"href":"https:\/\/cidehus.uevora.pt\/en\/wp-json\/wp\/v2\/pages"}],"about":[{"href":"https:\/\/cidehus.uevora.pt\/en\/wp-json\/wp\/v2\/types\/page"}],"author":[{"embeddable":true,"href":"https:\/\/cidehus.uevora.pt\/en\/wp-json\/wp\/v2\/users\/1"}],"replies":[{"embeddable":true,"href":"https:\/\/cidehus.uevora.pt\/en\/wp-json\/wp\/v2\/comments?post=4510"}],"version-history":[{"count":0,"href":"https:\/\/cidehus.uevora.pt\/en\/wp-json\/wp\/v2\/pages\/4510\/revisions"}],"up":[{"embeddable":true,"href":"https:\/\/cidehus.uevora.pt\/en\/wp-json\/wp\/v2\/pages\/4505"}],"wp:attachment":[{"href":"https:\/\/cidehus.uevora.pt\/en\/wp-json\/wp\/v2\/media?parent=4510"}],"curies":[{"name":"wp","href":"https:\/\/api.w.org\/{rel}","templated":true}]}}