{"id":13513,"date":"2026-04-09T10:17:27","date_gmt":"2026-04-09T09:17:27","guid":{"rendered":"https:\/\/cidehus.uevora.pt\/agenda\/exposicao-dos-moinhos-do-rio-degebe-dia-nacional-dos-moinhos\/"},"modified":"2026-04-09T10:17:27","modified_gmt":"2026-04-09T09:17:27","slug":"exposicao-dos-moinhos-do-rio-degebe-dia-nacional-dos-moinhos","status":"publish","type":"tribe_events","link":"https:\/\/cidehus.uevora.pt\/en\/calendar\/exposicao-dos-moinhos-do-rio-degebe-dia-nacional-dos-moinhos\/","title":{"rendered":"Exposi\u00e7\u00e3o dos Moinhos do rio Degebe &#8211; Dia Nacional dos Moinhos"},"content":{"rendered":"<!--themify_builder_content-->\n<div id=\"themify_builder_content-13513\" data-postid=\"13513\" class=\"themify_builder_content themify_builder_content-13513 themify_builder tf_clear\">\n    \t\t\t\t<div  data-lazy=\"1\" class=\"module_row themify_builder_row tb_tt8d506 tb_first tf_w\">\n\t\t\t\t\t\t<div class=\"row_inner col_align_top tb_col_count_1 tf_box tf_rel\">\n\t\t\t\t\t\t<div  data-lazy=\"1\" class=\"module_column tb-column col-full tb_83no506 first\">\n\t\t\t\t\t\t\t<div  data-lazy=\"1\" class=\"module_subrow themify_builder_sub_row tf_w col_align_top tb_col_count_1 tb_xnir531\">\n\t\t\t\t<div  data-lazy=\"1\" class=\"module_column sub_column col-full tb_iixb531 first\">\n\t\t\t\t\t<!-- module text -->\n<div  class=\"module module-text tb_9yn9117   \" data-lazy=\"1\">\n\t    <div  class=\"tb_text_wrap\">\n\t\t<p>Apresenta\u00e7\u00e3o do projeto &#8220;Moinhos do Rio Degebe: contributos para a salvaguarda da sua mem\u00f3ria&#8221; e inaugura\u00e7\u00e3o da exposi\u00e7\u00e3o<\/p><p>Esta atividade insere-se nas comemora\u00e7\u00f5es do Dia Nacional dos Moinhos que se celebrou na passada ter\u00e7a-feira, dia 7 de abril, mas nos dias 11 e 12 haver\u00e1 muitas atividades de norte a sul, com o objetivo de valorizar e preservar o patrim\u00f3nio molinol\u00f3gico nacional.<\/p><p>A itiner\u00e2ncia da Exposi\u00e7\u00e3o dos Moinhos do rio Degebe, que percorreu em 2024 as freguesias ribeirinhas do concelho de \u00c9vora e em 2025 as freguesias do concelho de Portel, vai estar agora em Ponte de Sor, a convite da C\u00e2mara Municipal, e integra as comemora\u00e7\u00f5es do fim de semana dos Moinhos Abertos, com o apoio do CIDEHUS da Universidade de \u00c9vora, da Associa\u00e7\u00e3o de Solidariedade Social de Professores e do Turismo do Alentejo e Ribatejo.<\/p><p><a href=\"http:\/\/www.moinhosdeportugal.org\" target=\"_blank\" rel=\"noopener\">PROGRAMA<\/a><\/p>    <\/div>\n<\/div>\n<!-- \/module text --><!-- module image -->\n<div  class=\"module module-image tb_gm7j544 image-top   tf_mw\" data-lazy=\"1\">\n        <div class=\"image-wrap tf_rel tf_mw\">\n\t\t    <img loading=\"lazy\" decoding=\"async\" width=\"1654\" height=\"2317\" src=\"https:\/\/cidehus.uevora.pt\/wp-content\/uploads\/2026\/04\/CIMFA-DiaMoinho.jpg\" class=\"wp-post-image wp-image-13507\" title=\"CIMFA-DiaMoinho_1\" alt=\"CIMFA-DiaMoinho_1\" srcset=\"https:\/\/cidehus.uevora.pt\/wp-content\/uploads\/2026\/04\/CIMFA-DiaMoinho.jpg 1654w, https:\/\/cidehus.uevora.pt\/wp-content\/uploads\/2026\/04\/CIMFA-DiaMoinho-214x300.jpg 214w, https:\/\/cidehus.uevora.pt\/wp-content\/uploads\/2026\/04\/CIMFA-DiaMoinho-731x1024.jpg 731w, https:\/\/cidehus.uevora.pt\/wp-content\/uploads\/2026\/04\/CIMFA-DiaMoinho-768x1076.jpg 768w, https:\/\/cidehus.uevora.pt\/wp-content\/uploads\/2026\/04\/CIMFA-DiaMoinho-1096x1536.jpg 1096w, https:\/\/cidehus.uevora.pt\/wp-content\/uploads\/2026\/04\/CIMFA-DiaMoinho-1462x2048.jpg 1462w\" sizes=\"auto, (max-width: 1654px) 100vw, 1654px\" \/>\t\n\t\t<\/div>\n\t<!-- \/image-wrap -->\n    \n    \t<\/div>\n<!-- \/module image -->\t\t<\/div>\n\t\t\t\t\t<\/div>\n\t\t\t\t<\/div>\n\t\t\t\t\t\t<\/div>\n\t\t<\/div>\n\t\t<\/div>\n<!--\/themify_builder_content-->","protected":false},"excerpt":{"rendered":"<p>Evento integrado nas comemora\u00e7\u00f5es do Dia Nacional dos Moinhos.<\/p>\n","protected":false},"author":2,"featured_media":13509,"template":"","meta":{"inline_featured_image":false,"_tribe_events_status":"","_tribe_events_status_reason":"","footnotes":"","_links_to":"","_links_to_target":""},"tags":[],"tribe_events_cat":[],"class_list":["post-13513","tribe_events","type-tribe_events","status-publish","has-post-thumbnail","hentry","has-post-title","has-post-date","has-post-category","has-post-tag","has-post-comment","has-post-author",""],"yoast_head":"<title>Exposi\u00e7\u00e3o dos Moinhos do rio Degebe - Dia Nacional dos Moinhos - CIDEHUS<\/title>\n<meta name=\"robots\" content=\"index, follow, max-snippet:-1, max-image-preview:large, max-video-preview:-1\" \/>\n<link rel=\"canonical\" href=\"https:\/\/cidehus.uevora.pt\/en\/calendar\/exposicao-dos-moinhos-do-rio-degebe-dia-nacional-dos-moinhos\/\" \/>\n<meta property=\"og:locale\" content=\"en_US\" \/>\n<meta property=\"og:type\" content=\"article\" \/>\n<meta property=\"og:title\" content=\"Exposi\u00e7\u00e3o dos Moinhos do rio Degebe - Dia Nacional dos Moinhos - CIDEHUS\" \/>\n<meta property=\"og:description\" content=\"Evento integrado nas comemora\u00e7\u00f5es do Dia Nacional dos Moinhos.\" \/>\n<meta property=\"og:url\" content=\"https:\/\/cidehus.uevora.pt\/en\/calendar\/exposicao-dos-moinhos-do-rio-degebe-dia-nacional-dos-moinhos\/\" \/>\n<meta property=\"og:site_name\" content=\"CIDEHUS\" \/>\n<meta property=\"og:image\" content=\"https:\/\/cidehus.uevora.pt\/wp-content\/uploads\/2026\/04\/CIMFA-DiaMoinho.jpg\" \/>\n<meta name=\"twitter:card\" content=\"summary_large_image\" \/>\n<script type=\"application\/ld+json\" class=\"yoast-schema-graph\">{\"@context\":\"https:\/\/schema.org\",\"@graph\":[{\"@type\":\"WebPage\",\"@id\":\"https:\/\/cidehus.uevora.pt\/en\/calendar\/exposicao-dos-moinhos-do-rio-degebe-dia-nacional-dos-moinhos\/\",\"url\":\"https:\/\/cidehus.uevora.pt\/en\/calendar\/exposicao-dos-moinhos-do-rio-degebe-dia-nacional-dos-moinhos\/\",\"name\":\"Exposi\u00e7\u00e3o dos Moinhos do rio Degebe - Dia Nacional dos Moinhos - CIDEHUS\",\"isPartOf\":{\"@id\":\"https:\/\/cidehus.uevora.pt\/#website\"},\"primaryImageOfPage\":{\"@id\":\"https:\/\/cidehus.uevora.pt\/en\/calendar\/exposicao-dos-moinhos-do-rio-degebe-dia-nacional-dos-moinhos\/#primaryimage\"},\"image\":{\"@id\":\"https:\/\/cidehus.uevora.pt\/en\/calendar\/exposicao-dos-moinhos-do-rio-degebe-dia-nacional-dos-moinhos\/#primaryimage\"},\"thumbnailUrl\":\"https:\/\/cidehus.uevora.pt\/wp-content\/uploads\/2026\/04\/lista-moinhos-degebe.jpg\",\"datePublished\":\"2026-04-09T09:17:27+00:00\",\"breadcrumb\":{\"@id\":\"https:\/\/cidehus.uevora.pt\/en\/calendar\/exposicao-dos-moinhos-do-rio-degebe-dia-nacional-dos-moinhos\/#breadcrumb\"},\"inLanguage\":\"en-US\",\"potentialAction\":[{\"@type\":\"ReadAction\",\"target\":[\"https:\/\/cidehus.uevora.pt\/en\/calendar\/exposicao-dos-moinhos-do-rio-degebe-dia-nacional-dos-moinhos\/\"]}]},{\"@type\":\"ImageObject\",\"inLanguage\":\"en-US\",\"@id\":\"https:\/\/cidehus.uevora.pt\/en\/calendar\/exposicao-dos-moinhos-do-rio-degebe-dia-nacional-dos-moinhos\/#primaryimage\",\"url\":\"https:\/\/cidehus.uevora.pt\/wp-content\/uploads\/2026\/04\/lista-moinhos-degebe.jpg\",\"contentUrl\":\"https:\/\/cidehus.uevora.pt\/wp-content\/uploads\/2026\/04\/lista-moinhos-degebe.jpg\",\"width\":1899,\"height\":815},{\"@type\":\"BreadcrumbList\",\"@id\":\"https:\/\/cidehus.uevora.pt\/en\/calendar\/exposicao-dos-moinhos-do-rio-degebe-dia-nacional-dos-moinhos\/#breadcrumb\",\"itemListElement\":[{\"@type\":\"ListItem\",\"position\":1,\"name\":\"In\u00edcio\",\"item\":\"https:\/\/cidehus.uevora.pt\/en\/\"},{\"@type\":\"ListItem\",\"position\":2,\"name\":\"Eventos\",\"item\":\"https:\/\/cidehus.uevora.pt\/agenda\/\"},{\"@type\":\"ListItem\",\"position\":3,\"name\":\"Exposi\u00e7\u00e3o dos Moinhos do rio Degebe &#8211; Dia Nacional dos Moinhos\"}]},{\"@type\":\"WebSite\",\"@id\":\"https:\/\/cidehus.uevora.pt\/#website\",\"url\":\"https:\/\/cidehus.uevora.pt\/\",\"name\":\"CIDEHUS\",\"description\":\"CIDEHUS\",\"potentialAction\":[{\"@type\":\"SearchAction\",\"target\":{\"@type\":\"EntryPoint\",\"urlTemplate\":\"https:\/\/cidehus.uevora.pt\/?s={search_term_string}\"},\"query-input\":{\"@type\":\"PropertyValueSpecification\",\"valueRequired\":true,\"valueName\":\"search_term_string\"}}],\"inLanguage\":\"en-US\"}]}<\/script>","yoast_head_json":{"title":"Exposi\u00e7\u00e3o dos Moinhos do rio Degebe - Dia Nacional dos Moinhos - CIDEHUS","robots":{"index":"index","follow":"follow","max-snippet":"max-snippet:-1","max-image-preview":"max-image-preview:large","max-video-preview":"max-video-preview:-1"},"canonical":"https:\/\/cidehus.uevora.pt\/en\/calendar\/exposicao-dos-moinhos-do-rio-degebe-dia-nacional-dos-moinhos\/","og_locale":"en_US","og_type":"article","og_title":"Exposi\u00e7\u00e3o dos Moinhos do rio Degebe - Dia Nacional dos Moinhos - CIDEHUS","og_description":"Evento integrado nas comemora\u00e7\u00f5es do Dia Nacional dos Moinhos.","og_url":"https:\/\/cidehus.uevora.pt\/en\/calendar\/exposicao-dos-moinhos-do-rio-degebe-dia-nacional-dos-moinhos\/","og_site_name":"CIDEHUS","og_image":[{"url":"https:\/\/cidehus.uevora.pt\/wp-content\/uploads\/2026\/04\/CIMFA-DiaMoinho.jpg","type":"","width":"","height":""}],"twitter_card":"summary_large_image","schema":{"@context":"https:\/\/schema.org","@graph":[{"@type":"WebPage","@id":"https:\/\/cidehus.uevora.pt\/en\/calendar\/exposicao-dos-moinhos-do-rio-degebe-dia-nacional-dos-moinhos\/","url":"https:\/\/cidehus.uevora.pt\/en\/calendar\/exposicao-dos-moinhos-do-rio-degebe-dia-nacional-dos-moinhos\/","name":"Exposi\u00e7\u00e3o dos Moinhos do rio Degebe - Dia Nacional dos Moinhos - CIDEHUS","isPartOf":{"@id":"https:\/\/cidehus.uevora.pt\/#website"},"primaryImageOfPage":{"@id":"https:\/\/cidehus.uevora.pt\/en\/calendar\/exposicao-dos-moinhos-do-rio-degebe-dia-nacional-dos-moinhos\/#primaryimage"},"image":{"@id":"https:\/\/cidehus.uevora.pt\/en\/calendar\/exposicao-dos-moinhos-do-rio-degebe-dia-nacional-dos-moinhos\/#primaryimage"},"thumbnailUrl":"https:\/\/cidehus.uevora.pt\/wp-content\/uploads\/2026\/04\/lista-moinhos-degebe.jpg","datePublished":"2026-04-09T09:17:27+00:00","breadcrumb":{"@id":"https:\/\/cidehus.uevora.pt\/en\/calendar\/exposicao-dos-moinhos-do-rio-degebe-dia-nacional-dos-moinhos\/#breadcrumb"},"inLanguage":"en-US","potentialAction":[{"@type":"ReadAction","target":["https:\/\/cidehus.uevora.pt\/en\/calendar\/exposicao-dos-moinhos-do-rio-degebe-dia-nacional-dos-moinhos\/"]}]},{"@type":"ImageObject","inLanguage":"en-US","@id":"https:\/\/cidehus.uevora.pt\/en\/calendar\/exposicao-dos-moinhos-do-rio-degebe-dia-nacional-dos-moinhos\/#primaryimage","url":"https:\/\/cidehus.uevora.pt\/wp-content\/uploads\/2026\/04\/lista-moinhos-degebe.jpg","contentUrl":"https:\/\/cidehus.uevora.pt\/wp-content\/uploads\/2026\/04\/lista-moinhos-degebe.jpg","width":1899,"height":815},{"@type":"BreadcrumbList","@id":"https:\/\/cidehus.uevora.pt\/en\/calendar\/exposicao-dos-moinhos-do-rio-degebe-dia-nacional-dos-moinhos\/#breadcrumb","itemListElement":[{"@type":"ListItem","position":1,"name":"In\u00edcio","item":"https:\/\/cidehus.uevora.pt\/en\/"},{"@type":"ListItem","position":2,"name":"Eventos","item":"https:\/\/cidehus.uevora.pt\/agenda\/"},{"@type":"ListItem","position":3,"name":"Exposi\u00e7\u00e3o dos Moinhos do rio Degebe &#8211; Dia Nacional dos Moinhos"}]},{"@type":"WebSite","@id":"https:\/\/cidehus.uevora.pt\/#website","url":"https:\/\/cidehus.uevora.pt\/","name":"CIDEHUS","description":"CIDEHUS","potentialAction":[{"@type":"SearchAction","target":{"@type":"EntryPoint","urlTemplate":"https:\/\/cidehus.uevora.pt\/?s={search_term_string}"},"query-input":{"@type":"PropertyValueSpecification","valueRequired":true,"valueName":"search_term_string"}}],"inLanguage":"en-US"}]}},"_links":{"self":[{"href":"https:\/\/cidehus.uevora.pt\/en\/wp-json\/wp\/v2\/tribe_events\/13513","targetHints":{"allow":["GET"]}}],"collection":[{"href":"https:\/\/cidehus.uevora.pt\/en\/wp-json\/wp\/v2\/tribe_events"}],"about":[{"href":"https:\/\/cidehus.uevora.pt\/en\/wp-json\/wp\/v2\/types\/tribe_events"}],"author":[{"embeddable":true,"href":"https:\/\/cidehus.uevora.pt\/en\/wp-json\/wp\/v2\/users\/2"}],"version-history":[{"count":0,"href":"https:\/\/cidehus.uevora.pt\/en\/wp-json\/wp\/v2\/tribe_events\/13513\/revisions"}],"wp:featuredmedia":[{"embeddable":true,"href":"https:\/\/cidehus.uevora.pt\/en\/wp-json\/wp\/v2\/media\/13509"}],"wp:attachment":[{"href":"https:\/\/cidehus.uevora.pt\/en\/wp-json\/wp\/v2\/media?parent=13513"}],"wp:term":[{"taxonomy":"post_tag","embeddable":true,"href":"https:\/\/cidehus.uevora.pt\/en\/wp-json\/wp\/v2\/tags?post=13513"},{"taxonomy":"tribe_events_cat","embeddable":true,"href":"https:\/\/cidehus.uevora.pt\/en\/wp-json\/wp\/v2\/tribe_events_cat?post=13513"}],"curies":[{"name":"wp","href":"https:\/\/api.w.org\/{rel}","templated":true}]}}