{"id":6831,"date":"2024-11-11T14:52:41","date_gmt":"2024-11-11T14:52:41","guid":{"rendered":"https:\/\/cidehus.uevora.pt\/agenda\/apresentacao-do-projeto-inmap\/"},"modified":"2024-11-11T14:52:41","modified_gmt":"2024-11-11T14:52:41","slug":"apresentacao-do-projeto-inmap","status":"publish","type":"tribe_events","link":"https:\/\/cidehus.uevora.pt\/en\/calendar\/apresentacao-do-projeto-inmap\/","title":{"rendered":"Apresenta\u00e7\u00e3o do Projeto InMAP &#8211; Mem\u00f3rias e Arquivos: Mapear o (In)tang\u00edvel"},"content":{"rendered":"<!--themify_builder_content-->\n<div id=\"themify_builder_content-6831\" data-postid=\"6831\" class=\"themify_builder_content themify_builder_content-6831 themify_builder tf_clear\">\n    \t\t\t\t<div  data-lazy=\"1\" class=\"module_row themify_builder_row tb_znbr361 tb_first tf_w\">\n\t\t\t\t\t\t<div class=\"row_inner col_align_top tb_col_count_1 tf_box tf_rel\">\n\t\t\t\t\t\t<div  data-lazy=\"1\" class=\"module_column tb-column col-full tb_bar8361 first\">\n\t\t\t\t\t<!-- module text -->\n<div  class=\"module module-text tb_olw9532   \" data-lazy=\"1\">\n\t    <div  class=\"tb_text_wrap\">\n\t\t<p>No dia 21 de novembro de 2024, o projeto InMAP &#8211; Mem\u00f3rias e Arquivos: Mapear o (In)tang\u00edvel ser\u00e1 apresentado na Universidade de \u00c9vora, a partir das 14h30, na Sala 124 do Col\u00e9gio do Esp\u00edrito Santo.<\/p>\n<p>O evento ter\u00e1 como finalidade a apresenta\u00e7\u00e3o do projeto e dos seus objetivos. O InMAP pretende analisar a situa\u00e7\u00e3o dos arquivos de mem\u00f3ria criados nas \u00faltimas duas d\u00e9cadas por institui\u00e7\u00f5es ligadas ao patrim\u00f3nio (ex. museus, bibliotecas, arquivos, universidades, associa\u00e7\u00f5es). Para al\u00e9m de uma caracteriza\u00e7\u00e3o destes arquivos de mem\u00f3ria recente (ex. arquivos que documentam o patrim\u00f3nio imaterial e a hist\u00f3ria oral), \u00e9 essencial compreender a escala e a extens\u00e3o das barreiras \u00e0 preserva\u00e7\u00e3o e acesso destes acervos. Este diagn\u00f3stico, que prev\u00ea a identifica\u00e7\u00e3o de necessidades e desafios, ir\u00e1 permitir o desenvolvimento de orienta\u00e7\u00f5es no campo das pol\u00edticas p\u00fablicas.<\/p>\n<p>O projeto InMAP \u00e9 coordenado pela investigadora Ana Carvalho do CIDEHUS, contando com uma equipa interdisciplinar, que cruza v\u00e1rias \u00e1reas e conhecimentos, assim como com a parceria do OPAC (Observat\u00f3rio Portugu\u00eas das Atividades Culturais). O projeto tem ainda o apoio da C\u00e1tedra UNESCO em Patrim\u00f3nio Imaterial e Saber-Fazer Tradicional: Ligando Patrim\u00f3nios.<\/p>\n<p>Com a dura\u00e7\u00e3o de um ano, o projeto InMAP (2023.10222.S4P23) \u00e9 financiado pelo Plano de Recupera\u00e7\u00e3o e Resili\u00eancia no \u00e2mbito do programa Science4Policy 2023 (S4P-23): Concurso de Estudos de Ci\u00eancia para as Pol\u00edticas P\u00fablicas, uma iniciativa do PlanAPP, Centro de Compet\u00eancias de Planeamento, de Pol\u00edticas e de Prospetiva da Administra\u00e7\u00e3o P\u00fablica, em parceria com a Funda\u00e7\u00e3o para a Ci\u00eancia e Tecnologia.<\/p>\n<p>A sess\u00e3o inclui uma confer\u00eancia intitulada \u201cEntre o Tang\u00edvel e o Intang\u00edvel: Acessibilidade e Documenta\u00e7\u00e3o do Patrim\u00f3nio Imaterial nas Institui\u00e7\u00f5es de Mem\u00f3ria\u201d, de Alexandre Matos, Investigador do CITCEM (Centro de Investiga\u00e7\u00e3o Transdisciplinar \u00abCultura, Espa\u00e7o e Mem\u00f3ria\u00bb, Universidade do Porto) e Diretor do Departamento de Investiga\u00e7\u00e3o e Forma\u00e7\u00e3o da Sistemas do Futuro.<\/p>\n    <\/div>\n<\/div>\n<!-- \/module text -->\t\t<\/div>\n\t\t\t\t\t\t<\/div>\n\t\t<\/div>\n\t\t\t\t\t\t<div  data-lazy=\"1\" class=\"module_row themify_builder_row tb_hcao501 tf_w\">\n\t\t\t\t\t\t<div class=\"row_inner col_align_top tb_col_count_1 tf_box tf_rel\">\n\t\t\t\t\t\t<div  data-lazy=\"1\" class=\"module_column tb-column col-full tb_sxor502 first\">\n\t\t\t\t\t<!-- module image -->\n<div  class=\"module module-image tb_6rph8 image-top   tf_mw\" data-lazy=\"1\">\n        <div class=\"image-wrap tf_rel tf_mw\">\n\t\t    <img loading=\"lazy\" decoding=\"async\" width=\"1452\" height=\"2560\" src=\"https:\/\/cidehus.uevora.pt\/wp-content\/uploads\/2024\/11\/Programa-scaled.jpg\" class=\"wp-post-image wp-image-6825\" title=\"Programa\" alt=\"Programa\" srcset=\"https:\/\/cidehus.uevora.pt\/wp-content\/uploads\/2024\/11\/Programa-scaled.jpg 1452w, https:\/\/cidehus.uevora.pt\/wp-content\/uploads\/2024\/11\/Programa-170x300.jpg 170w, https:\/\/cidehus.uevora.pt\/wp-content\/uploads\/2024\/11\/Programa-581x1024.jpg 581w, https:\/\/cidehus.uevora.pt\/wp-content\/uploads\/2024\/11\/Programa-768x1354.jpg 768w, https:\/\/cidehus.uevora.pt\/wp-content\/uploads\/2024\/11\/Programa-871x1536.jpg 871w, https:\/\/cidehus.uevora.pt\/wp-content\/uploads\/2024\/11\/Programa-1161x2048.jpg 1161w\" sizes=\"auto, (max-width: 1452px) 100vw, 1452px\" \/>\t\n\t\t<\/div>\n\t<!-- \/image-wrap -->\n    \n    \t<\/div>\n<!-- \/module image -->\t\t<\/div>\n\t\t\t\t\t\t<\/div>\n\t\t<\/div>\n\t\t<\/div>\n<!--\/themify_builder_content-->","protected":false},"excerpt":{"rendered":"<p>No dia 21 de novembro de 2024, o projeto InMAP &#8211; Mem\u00f3rias e Arquivos: Mapear o (In)tang\u00edvel ser\u00e1 apresentado na Universidade de \u00c9vora, a partir das 14h30, na Sala 124 do Col\u00e9gio do Esp\u00edrito Santo. A sess\u00e3o inclui uma confer\u00eancia intitulada \u201cEntre o Tang\u00edvel e o Intang\u00edvel: Acessibilidade e Documenta\u00e7\u00e3o do Patrim\u00f3nio Imaterial nas Institui\u00e7\u00f5es de Mem\u00f3ria\u201d, de Alexandre Matos, Investigador do CITCEM.<\/p>\n","protected":false},"author":2,"featured_media":6827,"template":"","meta":{"inline_featured_image":false,"_tribe_events_status":"","_tribe_events_status_reason":"","footnotes":"","_links_to":"","_links_to_target":""},"tags":[],"tribe_events_cat":[],"class_list":["post-6831","tribe_events","type-tribe_events","status-publish","has-post-thumbnail","hentry","has-post-title","has-post-date","has-post-category","has-post-tag","has-post-comment","has-post-author",""],"yoast_head":"<title>Apresenta\u00e7\u00e3o do Projeto InMAP - Mem\u00f3rias e Arquivos: Mapear o (In)tang\u00edvel - CIDEHUS<\/title>\n<meta name=\"description\" content=\"No dia 21 de novembro de 2024, o projeto InMAP - Mem\u00f3rias e Arquivos: Mapear o (In)tang\u00edvel ser\u00e1 apresentado na Universidade de \u00c9vora, a partir das 14h30, na Sala 124 do Col\u00e9gio do Esp\u00edrito Santo. A sess\u00e3o inclui uma confer\u00eancia intitulada \u201cEntre o Tang\u00edvel e o Intang\u00edvel: Acessibilidade e Documenta\u00e7\u00e3o do Patrim\u00f3nio Imaterial nas Institui\u00e7\u00f5es de Mem\u00f3ria\u201d, de Alexandre Matos, Investigador do CITCEM.\" \/>\n<meta name=\"robots\" content=\"index, follow, max-snippet:-1, max-image-preview:large, max-video-preview:-1\" \/>\n<link rel=\"canonical\" href=\"https:\/\/cidehus.uevora.pt\/en\/calendar\/apresentacao-do-projeto-inmap\/\" \/>\n<meta property=\"og:locale\" content=\"en_US\" \/>\n<meta property=\"og:type\" content=\"article\" \/>\n<meta property=\"og:title\" content=\"Apresenta\u00e7\u00e3o do Projeto InMAP - Mem\u00f3rias e Arquivos: Mapear o (In)tang\u00edvel - CIDEHUS\" \/>\n<meta property=\"og:description\" content=\"No dia 21 de novembro de 2024, o projeto InMAP - Mem\u00f3rias e Arquivos: Mapear o (In)tang\u00edvel ser\u00e1 apresentado na Universidade de \u00c9vora, a partir das 14h30, na Sala 124 do Col\u00e9gio do Esp\u00edrito Santo. A sess\u00e3o inclui uma confer\u00eancia intitulada \u201cEntre o Tang\u00edvel e o Intang\u00edvel: Acessibilidade e Documenta\u00e7\u00e3o do Patrim\u00f3nio Imaterial nas Institui\u00e7\u00f5es de Mem\u00f3ria\u201d, de Alexandre Matos, Investigador do CITCEM.\" \/>\n<meta property=\"og:url\" content=\"https:\/\/cidehus.uevora.pt\/en\/calendar\/apresentacao-do-projeto-inmap\/\" \/>\n<meta property=\"og:site_name\" content=\"CIDEHUS\" \/>\n<meta property=\"og:image\" content=\"https:\/\/cidehus.uevora.pt\/wp-content\/uploads\/2024\/11\/capa-inmap.jpg\" \/>\n\t<meta property=\"og:image:width\" content=\"512\" \/>\n\t<meta property=\"og:image:height\" content=\"240\" \/>\n\t<meta property=\"og:image:type\" content=\"image\/jpeg\" \/>\n<meta name=\"twitter:card\" content=\"summary_large_image\" \/>\n<script type=\"application\/ld+json\" class=\"yoast-schema-graph\">{\"@context\":\"https:\/\/schema.org\",\"@graph\":[{\"@type\":\"WebPage\",\"@id\":\"https:\/\/cidehus.uevora.pt\/en\/calendar\/apresentacao-do-projeto-inmap\/\",\"url\":\"https:\/\/cidehus.uevora.pt\/en\/calendar\/apresentacao-do-projeto-inmap\/\",\"name\":\"Apresenta\u00e7\u00e3o do Projeto InMAP - Mem\u00f3rias e Arquivos: Mapear o (In)tang\u00edvel - CIDEHUS\",\"isPartOf\":{\"@id\":\"https:\/\/cidehus.uevora.pt\/#website\"},\"primaryImageOfPage\":{\"@id\":\"https:\/\/cidehus.uevora.pt\/en\/calendar\/apresentacao-do-projeto-inmap\/#primaryimage\"},\"image\":{\"@id\":\"https:\/\/cidehus.uevora.pt\/en\/calendar\/apresentacao-do-projeto-inmap\/#primaryimage\"},\"thumbnailUrl\":\"https:\/\/cidehus.uevora.pt\/wp-content\/uploads\/2024\/11\/capa-inmap.jpg\",\"datePublished\":\"2024-11-11T14:52:41+00:00\",\"description\":\"No dia 21 de novembro de 2024, o projeto InMAP - Mem\u00f3rias e Arquivos: Mapear o (In)tang\u00edvel ser\u00e1 apresentado na Universidade de \u00c9vora, a partir das 14h30, na Sala 124 do Col\u00e9gio do Esp\u00edrito Santo. A sess\u00e3o inclui uma confer\u00eancia intitulada \u201cEntre o Tang\u00edvel e o Intang\u00edvel: Acessibilidade e Documenta\u00e7\u00e3o do Patrim\u00f3nio Imaterial nas Institui\u00e7\u00f5es de Mem\u00f3ria\u201d, de Alexandre Matos, Investigador do CITCEM.\",\"breadcrumb\":{\"@id\":\"https:\/\/cidehus.uevora.pt\/en\/calendar\/apresentacao-do-projeto-inmap\/#breadcrumb\"},\"inLanguage\":\"en-US\",\"potentialAction\":[{\"@type\":\"ReadAction\",\"target\":[\"https:\/\/cidehus.uevora.pt\/en\/calendar\/apresentacao-do-projeto-inmap\/\"]}]},{\"@type\":\"ImageObject\",\"inLanguage\":\"en-US\",\"@id\":\"https:\/\/cidehus.uevora.pt\/en\/calendar\/apresentacao-do-projeto-inmap\/#primaryimage\",\"url\":\"https:\/\/cidehus.uevora.pt\/wp-content\/uploads\/2024\/11\/capa-inmap.jpg\",\"contentUrl\":\"https:\/\/cidehus.uevora.pt\/wp-content\/uploads\/2024\/11\/capa-inmap.jpg\",\"width\":512,\"height\":240},{\"@type\":\"BreadcrumbList\",\"@id\":\"https:\/\/cidehus.uevora.pt\/en\/calendar\/apresentacao-do-projeto-inmap\/#breadcrumb\",\"itemListElement\":[{\"@type\":\"ListItem\",\"position\":1,\"name\":\"In\u00edcio\",\"item\":\"https:\/\/cidehus.uevora.pt\/en\/\"},{\"@type\":\"ListItem\",\"position\":2,\"name\":\"Eventos\",\"item\":\"https:\/\/cidehus.uevora.pt\/agenda\/\"},{\"@type\":\"ListItem\",\"position\":3,\"name\":\"Apresenta\u00e7\u00e3o do Projeto InMAP &#8211; Mem\u00f3rias e Arquivos: Mapear o (In)tang\u00edvel\"}]},{\"@type\":\"WebSite\",\"@id\":\"https:\/\/cidehus.uevora.pt\/#website\",\"url\":\"https:\/\/cidehus.uevora.pt\/\",\"name\":\"CIDEHUS\",\"description\":\"CIDEHUS\",\"potentialAction\":[{\"@type\":\"SearchAction\",\"target\":{\"@type\":\"EntryPoint\",\"urlTemplate\":\"https:\/\/cidehus.uevora.pt\/?s={search_term_string}\"},\"query-input\":{\"@type\":\"PropertyValueSpecification\",\"valueRequired\":true,\"valueName\":\"search_term_string\"}}],\"inLanguage\":\"en-US\"}]}<\/script>","yoast_head_json":{"title":"Apresenta\u00e7\u00e3o do Projeto InMAP - Mem\u00f3rias e Arquivos: Mapear o (In)tang\u00edvel - CIDEHUS","description":"No dia 21 de novembro de 2024, o projeto InMAP - Mem\u00f3rias e Arquivos: Mapear o (In)tang\u00edvel ser\u00e1 apresentado na Universidade de \u00c9vora, a partir das 14h30, na Sala 124 do Col\u00e9gio do Esp\u00edrito Santo. A sess\u00e3o inclui uma confer\u00eancia intitulada \u201cEntre o Tang\u00edvel e o Intang\u00edvel: Acessibilidade e Documenta\u00e7\u00e3o do Patrim\u00f3nio Imaterial nas Institui\u00e7\u00f5es de Mem\u00f3ria\u201d, de Alexandre Matos, Investigador do CITCEM.","robots":{"index":"index","follow":"follow","max-snippet":"max-snippet:-1","max-image-preview":"max-image-preview:large","max-video-preview":"max-video-preview:-1"},"canonical":"https:\/\/cidehus.uevora.pt\/en\/calendar\/apresentacao-do-projeto-inmap\/","og_locale":"en_US","og_type":"article","og_title":"Apresenta\u00e7\u00e3o do Projeto InMAP - Mem\u00f3rias e Arquivos: Mapear o (In)tang\u00edvel - CIDEHUS","og_description":"No dia 21 de novembro de 2024, o projeto InMAP - Mem\u00f3rias e Arquivos: Mapear o (In)tang\u00edvel ser\u00e1 apresentado na Universidade de \u00c9vora, a partir das 14h30, na Sala 124 do Col\u00e9gio do Esp\u00edrito Santo. A sess\u00e3o inclui uma confer\u00eancia intitulada \u201cEntre o Tang\u00edvel e o Intang\u00edvel: Acessibilidade e Documenta\u00e7\u00e3o do Patrim\u00f3nio Imaterial nas Institui\u00e7\u00f5es de Mem\u00f3ria\u201d, de Alexandre Matos, Investigador do CITCEM.","og_url":"https:\/\/cidehus.uevora.pt\/en\/calendar\/apresentacao-do-projeto-inmap\/","og_site_name":"CIDEHUS","og_image":[{"width":512,"height":240,"url":"https:\/\/cidehus.uevora.pt\/wp-content\/uploads\/2024\/11\/capa-inmap.jpg","type":"image\/jpeg"}],"twitter_card":"summary_large_image","schema":{"@context":"https:\/\/schema.org","@graph":[{"@type":"WebPage","@id":"https:\/\/cidehus.uevora.pt\/en\/calendar\/apresentacao-do-projeto-inmap\/","url":"https:\/\/cidehus.uevora.pt\/en\/calendar\/apresentacao-do-projeto-inmap\/","name":"Apresenta\u00e7\u00e3o do Projeto InMAP - Mem\u00f3rias e Arquivos: Mapear o (In)tang\u00edvel - CIDEHUS","isPartOf":{"@id":"https:\/\/cidehus.uevora.pt\/#website"},"primaryImageOfPage":{"@id":"https:\/\/cidehus.uevora.pt\/en\/calendar\/apresentacao-do-projeto-inmap\/#primaryimage"},"image":{"@id":"https:\/\/cidehus.uevora.pt\/en\/calendar\/apresentacao-do-projeto-inmap\/#primaryimage"},"thumbnailUrl":"https:\/\/cidehus.uevora.pt\/wp-content\/uploads\/2024\/11\/capa-inmap.jpg","datePublished":"2024-11-11T14:52:41+00:00","description":"No dia 21 de novembro de 2024, o projeto InMAP - Mem\u00f3rias e Arquivos: Mapear o (In)tang\u00edvel ser\u00e1 apresentado na Universidade de \u00c9vora, a partir das 14h30, na Sala 124 do Col\u00e9gio do Esp\u00edrito Santo. A sess\u00e3o inclui uma confer\u00eancia intitulada \u201cEntre o Tang\u00edvel e o Intang\u00edvel: Acessibilidade e Documenta\u00e7\u00e3o do Patrim\u00f3nio Imaterial nas Institui\u00e7\u00f5es de Mem\u00f3ria\u201d, de Alexandre Matos, Investigador do CITCEM.","breadcrumb":{"@id":"https:\/\/cidehus.uevora.pt\/en\/calendar\/apresentacao-do-projeto-inmap\/#breadcrumb"},"inLanguage":"en-US","potentialAction":[{"@type":"ReadAction","target":["https:\/\/cidehus.uevora.pt\/en\/calendar\/apresentacao-do-projeto-inmap\/"]}]},{"@type":"ImageObject","inLanguage":"en-US","@id":"https:\/\/cidehus.uevora.pt\/en\/calendar\/apresentacao-do-projeto-inmap\/#primaryimage","url":"https:\/\/cidehus.uevora.pt\/wp-content\/uploads\/2024\/11\/capa-inmap.jpg","contentUrl":"https:\/\/cidehus.uevora.pt\/wp-content\/uploads\/2024\/11\/capa-inmap.jpg","width":512,"height":240},{"@type":"BreadcrumbList","@id":"https:\/\/cidehus.uevora.pt\/en\/calendar\/apresentacao-do-projeto-inmap\/#breadcrumb","itemListElement":[{"@type":"ListItem","position":1,"name":"In\u00edcio","item":"https:\/\/cidehus.uevora.pt\/en\/"},{"@type":"ListItem","position":2,"name":"Eventos","item":"https:\/\/cidehus.uevora.pt\/agenda\/"},{"@type":"ListItem","position":3,"name":"Apresenta\u00e7\u00e3o do Projeto InMAP &#8211; Mem\u00f3rias e Arquivos: Mapear o (In)tang\u00edvel"}]},{"@type":"WebSite","@id":"https:\/\/cidehus.uevora.pt\/#website","url":"https:\/\/cidehus.uevora.pt\/","name":"CIDEHUS","description":"CIDEHUS","potentialAction":[{"@type":"SearchAction","target":{"@type":"EntryPoint","urlTemplate":"https:\/\/cidehus.uevora.pt\/?s={search_term_string}"},"query-input":{"@type":"PropertyValueSpecification","valueRequired":true,"valueName":"search_term_string"}}],"inLanguage":"en-US"}]}},"_links":{"self":[{"href":"https:\/\/cidehus.uevora.pt\/en\/wp-json\/wp\/v2\/tribe_events\/6831","targetHints":{"allow":["GET"]}}],"collection":[{"href":"https:\/\/cidehus.uevora.pt\/en\/wp-json\/wp\/v2\/tribe_events"}],"about":[{"href":"https:\/\/cidehus.uevora.pt\/en\/wp-json\/wp\/v2\/types\/tribe_events"}],"author":[{"embeddable":true,"href":"https:\/\/cidehus.uevora.pt\/en\/wp-json\/wp\/v2\/users\/2"}],"version-history":[{"count":0,"href":"https:\/\/cidehus.uevora.pt\/en\/wp-json\/wp\/v2\/tribe_events\/6831\/revisions"}],"wp:featuredmedia":[{"embeddable":true,"href":"https:\/\/cidehus.uevora.pt\/en\/wp-json\/wp\/v2\/media\/6827"}],"wp:attachment":[{"href":"https:\/\/cidehus.uevora.pt\/en\/wp-json\/wp\/v2\/media?parent=6831"}],"wp:term":[{"taxonomy":"post_tag","embeddable":true,"href":"https:\/\/cidehus.uevora.pt\/en\/wp-json\/wp\/v2\/tags?post=6831"},{"taxonomy":"tribe_events_cat","embeddable":true,"href":"https:\/\/cidehus.uevora.pt\/en\/wp-json\/wp\/v2\/tribe_events_cat?post=6831"}],"curies":[{"name":"wp","href":"https:\/\/api.w.org\/{rel}","templated":true}]}}