{"id":8439,"date":"2024-11-12T13:55:43","date_gmt":"2024-11-12T13:55:43","guid":{"rendered":"https:\/\/cidehus.uevora.pt\/agenda\/dans-lombre-du-colonialisme\/"},"modified":"2024-11-12T13:55:43","modified_gmt":"2024-11-12T13:55:43","slug":"dans-lombre-du-colonialisme","status":"publish","type":"tribe_events","link":"https:\/\/cidehus.uevora.pt\/en\/calendar\/dans-lombre-du-colonialisme\/","title":{"rendered":"Confer\u00eancia\/Aula Aberta &#8220;Dans l&#8217;ombre du colonialisme: les collections du Mus\u00e9e National d&#8217;Histoire Naturelle et des Sciences, Universit\u00e9 de Lisbonne&#8221;"},"content":{"rendered":"<!--themify_builder_content-->\n<div id=\"themify_builder_content-8439\" data-postid=\"8439\" class=\"themify_builder_content themify_builder_content-8439 themify_builder tf_clear\">\n    \t\t\t\t<div  data-lazy=\"1\" class=\"module_row themify_builder_row tb_znbr361 tb_first tf_w\">\n\t\t\t\t\t\t<div class=\"row_inner col_align_top tb_col_count_1 tf_box tf_rel\">\n\t\t\t\t\t\t<div  data-lazy=\"1\" class=\"module_column tb-column col-full tb_bar8361 first\">\n\t\t\t\t\t<!-- module text -->\n<div  class=\"module module-text tb_olw9532   \" data-lazy=\"1\">\n\t    <div  class=\"tb_text_wrap\">\n\t\t<p>A proferir pela Prof\u00aa Doutora Marta Louren\u00e7o &#8211; Diretora do Museu Nacional de Hist\u00f3ria Natural e da Ci\u00eancia.<\/p><p>Organiza\u00e7\u00e3o: Mestrado Eramus Mundus TPTI &#8211; Techniques, Patrimoine, Territoires de l\u2019industrie<br \/>Apoio: CIDEHUS\/U\u00c9vora e Biblioteca P\u00fablica de \u00c9vora<\/p>    <\/div>\n<\/div>\n<!-- \/module text -->\t\t<\/div>\n\t\t\t\t\t\t<\/div>\n\t\t<\/div>\n\t\t\t\t\t\t<div  data-lazy=\"1\" class=\"module_row themify_builder_row tb_hcao501 tf_w\">\n\t\t\t\t\t\t<div class=\"row_inner col_align_top tb_col_count_1 tf_box tf_rel\">\n\t\t\t\t\t\t<div  data-lazy=\"1\" class=\"module_column tb-column col-full tb_sxor502 first\">\n\t\t\t\t\t<!-- module image -->\n<div  class=\"module module-image tb_6rph8 image-top   tf_mw\" data-lazy=\"1\">\n        <div class=\"image-wrap tf_rel tf_mw\">\n\t\t    <img loading=\"lazy\" decoding=\"async\" width=\"1476\" height=\"2000\" src=\"https:\/\/cidehus.uevora.pt\/wp-content\/uploads\/2024\/11\/aula-aberta-tpti.jpg\" class=\"wp-post-image wp-image-6859\" title=\"Apresenta\u00e7\u00e3o do PowerPoint\" alt=\"Apresenta\u00e7\u00e3o do PowerPoint\" srcset=\"https:\/\/cidehus.uevora.pt\/wp-content\/uploads\/2024\/11\/aula-aberta-tpti.jpg 1476w, https:\/\/cidehus.uevora.pt\/wp-content\/uploads\/2024\/11\/aula-aberta-tpti-221x300.jpg 221w, https:\/\/cidehus.uevora.pt\/wp-content\/uploads\/2024\/11\/aula-aberta-tpti-756x1024.jpg 756w, https:\/\/cidehus.uevora.pt\/wp-content\/uploads\/2024\/11\/aula-aberta-tpti-768x1041.jpg 768w, https:\/\/cidehus.uevora.pt\/wp-content\/uploads\/2024\/11\/aula-aberta-tpti-1134x1536.jpg 1134w\" sizes=\"auto, (max-width: 1476px) 100vw, 1476px\" \/>\t\n\t\t<\/div>\n\t<!-- \/image-wrap -->\n    \n    \t<\/div>\n<!-- \/module image -->\t\t<\/div>\n\t\t\t\t\t\t<\/div>\n\t\t<\/div>\n\t\t<\/div>\n<!--\/themify_builder_content-->","protected":false},"excerpt":{"rendered":"<p>Com Marta Louren\u00e7o &#8211; Diretora do Museu Nacional de Hist\u00f3ria Natural e da Ci\u00eancia.<\/p>\n","protected":false},"author":2,"featured_media":6862,"template":"","meta":{"inline_featured_image":false,"_tribe_events_status":"","_tribe_events_status_reason":"","footnotes":"","_links_to":"","_links_to_target":""},"tags":[],"tribe_events_cat":[],"class_list":["post-8439","tribe_events","type-tribe_events","status-publish","has-post-thumbnail","hentry","has-post-title","has-post-date","has-post-category","has-post-tag","has-post-comment","has-post-author",""],"yoast_head":"<title>Confer\u00eancia\/Aula Aberta &quot;Dans l&#039;ombre du colonialisme: les collections du Mus\u00e9e National d&#039;Histoire Naturelle et des Sciences, Universit\u00e9 de Lisbonne&quot; - CIDEHUS<\/title>\n<meta name=\"description\" content=\"Com Marta Louren\u00e7o - Diretora do Museu Nacional de Hist\u00f3ria Natural e da Ci\u00eancia. Organiza\u00e7\u00e3o: Mestrado Eramus Mundus TPTI - Techniques, Patrimoine, Territoires de l\u2019industrie | Apoio: CIDEHUS\/U\u00c9vora e Biblioteca P\u00fablica de \u00c9vora\" \/>\n<meta name=\"robots\" content=\"index, follow, max-snippet:-1, max-image-preview:large, max-video-preview:-1\" \/>\n<link rel=\"canonical\" href=\"https:\/\/cidehus.uevora.pt\/en\/calendar\/dans-lombre-du-colonialisme\/\" \/>\n<meta property=\"og:locale\" content=\"en_US\" \/>\n<meta property=\"og:type\" content=\"article\" \/>\n<meta property=\"og:title\" content=\"Confer\u00eancia\/Aula Aberta &quot;Dans l&#039;ombre du colonialisme: les collections du Mus\u00e9e National d&#039;Histoire Naturelle et des Sciences, Universit\u00e9 de Lisbonne&quot; - CIDEHUS\" \/>\n<meta property=\"og:description\" content=\"Com Marta Louren\u00e7o - Diretora do Museu Nacional de Hist\u00f3ria Natural e da Ci\u00eancia. Organiza\u00e7\u00e3o: Mestrado Eramus Mundus TPTI - Techniques, Patrimoine, Territoires de l\u2019industrie | Apoio: CIDEHUS\/U\u00c9vora e Biblioteca P\u00fablica de \u00c9vora\" \/>\n<meta property=\"og:url\" content=\"https:\/\/cidehus.uevora.pt\/en\/calendar\/dans-lombre-du-colonialisme\/\" \/>\n<meta property=\"og:site_name\" content=\"CIDEHUS\" \/>\n<meta property=\"og:image\" content=\"https:\/\/cidehus.uevora.pt\/wp-content\/uploads\/2024\/11\/capa-tpti.jpg\" \/>\n\t<meta property=\"og:image:width\" content=\"512\" \/>\n\t<meta property=\"og:image:height\" content=\"240\" \/>\n\t<meta property=\"og:image:type\" content=\"image\/jpeg\" \/>\n<meta name=\"twitter:card\" content=\"summary_large_image\" \/>\n<script type=\"application\/ld+json\" class=\"yoast-schema-graph\">{\"@context\":\"https:\/\/schema.org\",\"@graph\":[{\"@type\":\"WebPage\",\"@id\":\"https:\/\/cidehus.uevora.pt\/en\/calendar\/dans-lombre-du-colonialisme\/\",\"url\":\"https:\/\/cidehus.uevora.pt\/en\/calendar\/dans-lombre-du-colonialisme\/\",\"name\":\"Confer\u00eancia\/Aula Aberta \\\"Dans l'ombre du colonialisme: les collections du Mus\u00e9e National d'Histoire Naturelle et des Sciences, Universit\u00e9 de Lisbonne\\\" - CIDEHUS\",\"isPartOf\":{\"@id\":\"https:\/\/cidehus.uevora.pt\/#website\"},\"primaryImageOfPage\":{\"@id\":\"https:\/\/cidehus.uevora.pt\/en\/calendar\/dans-lombre-du-colonialisme\/#primaryimage\"},\"image\":{\"@id\":\"https:\/\/cidehus.uevora.pt\/en\/calendar\/dans-lombre-du-colonialisme\/#primaryimage\"},\"thumbnailUrl\":\"https:\/\/cidehus.uevora.pt\/wp-content\/uploads\/2024\/11\/capa-tpti.jpg\",\"datePublished\":\"2024-11-12T13:55:43+00:00\",\"description\":\"Com Marta Louren\u00e7o - Diretora do Museu Nacional de Hist\u00f3ria Natural e da Ci\u00eancia. Organiza\u00e7\u00e3o: Mestrado Eramus Mundus TPTI - Techniques, Patrimoine, Territoires de l\u2019industrie | Apoio: CIDEHUS\/U\u00c9vora e Biblioteca P\u00fablica de \u00c9vora\",\"breadcrumb\":{\"@id\":\"https:\/\/cidehus.uevora.pt\/en\/calendar\/dans-lombre-du-colonialisme\/#breadcrumb\"},\"inLanguage\":\"en-US\",\"potentialAction\":[{\"@type\":\"ReadAction\",\"target\":[\"https:\/\/cidehus.uevora.pt\/en\/calendar\/dans-lombre-du-colonialisme\/\"]}]},{\"@type\":\"ImageObject\",\"inLanguage\":\"en-US\",\"@id\":\"https:\/\/cidehus.uevora.pt\/en\/calendar\/dans-lombre-du-colonialisme\/#primaryimage\",\"url\":\"https:\/\/cidehus.uevora.pt\/wp-content\/uploads\/2024\/11\/capa-tpti.jpg\",\"contentUrl\":\"https:\/\/cidehus.uevora.pt\/wp-content\/uploads\/2024\/11\/capa-tpti.jpg\",\"width\":512,\"height\":240},{\"@type\":\"BreadcrumbList\",\"@id\":\"https:\/\/cidehus.uevora.pt\/en\/calendar\/dans-lombre-du-colonialisme\/#breadcrumb\",\"itemListElement\":[{\"@type\":\"ListItem\",\"position\":1,\"name\":\"In\u00edcio\",\"item\":\"https:\/\/cidehus.uevora.pt\/en\/\"},{\"@type\":\"ListItem\",\"position\":2,\"name\":\"Eventos\",\"item\":\"https:\/\/cidehus.uevora.pt\/agenda\/\"},{\"@type\":\"ListItem\",\"position\":3,\"name\":\"Confer\u00eancia\/Aula Aberta &#8220;Dans l&#8217;ombre du colonialisme: les collections du Mus\u00e9e National d&#8217;Histoire Naturelle et des Sciences, Universit\u00e9 de Lisbonne&#8221;\"}]},{\"@type\":\"WebSite\",\"@id\":\"https:\/\/cidehus.uevora.pt\/#website\",\"url\":\"https:\/\/cidehus.uevora.pt\/\",\"name\":\"CIDEHUS\",\"description\":\"CIDEHUS\",\"potentialAction\":[{\"@type\":\"SearchAction\",\"target\":{\"@type\":\"EntryPoint\",\"urlTemplate\":\"https:\/\/cidehus.uevora.pt\/?s={search_term_string}\"},\"query-input\":{\"@type\":\"PropertyValueSpecification\",\"valueRequired\":true,\"valueName\":\"search_term_string\"}}],\"inLanguage\":\"en-US\"}]}<\/script>","yoast_head_json":{"title":"Confer\u00eancia\/Aula Aberta \"Dans l'ombre du colonialisme: les collections du Mus\u00e9e National d'Histoire Naturelle et des Sciences, Universit\u00e9 de Lisbonne\" - CIDEHUS","description":"Com Marta Louren\u00e7o - Diretora do Museu Nacional de Hist\u00f3ria Natural e da Ci\u00eancia. Organiza\u00e7\u00e3o: Mestrado Eramus Mundus TPTI - Techniques, Patrimoine, Territoires de l\u2019industrie | Apoio: CIDEHUS\/U\u00c9vora e Biblioteca P\u00fablica de \u00c9vora","robots":{"index":"index","follow":"follow","max-snippet":"max-snippet:-1","max-image-preview":"max-image-preview:large","max-video-preview":"max-video-preview:-1"},"canonical":"https:\/\/cidehus.uevora.pt\/en\/calendar\/dans-lombre-du-colonialisme\/","og_locale":"en_US","og_type":"article","og_title":"Confer\u00eancia\/Aula Aberta \"Dans l'ombre du colonialisme: les collections du Mus\u00e9e National d'Histoire Naturelle et des Sciences, Universit\u00e9 de Lisbonne\" - CIDEHUS","og_description":"Com Marta Louren\u00e7o - Diretora do Museu Nacional de Hist\u00f3ria Natural e da Ci\u00eancia. Organiza\u00e7\u00e3o: Mestrado Eramus Mundus TPTI - Techniques, Patrimoine, Territoires de l\u2019industrie | Apoio: CIDEHUS\/U\u00c9vora e Biblioteca P\u00fablica de \u00c9vora","og_url":"https:\/\/cidehus.uevora.pt\/en\/calendar\/dans-lombre-du-colonialisme\/","og_site_name":"CIDEHUS","og_image":[{"width":512,"height":240,"url":"https:\/\/cidehus.uevora.pt\/wp-content\/uploads\/2024\/11\/capa-tpti.jpg","type":"image\/jpeg"}],"twitter_card":"summary_large_image","schema":{"@context":"https:\/\/schema.org","@graph":[{"@type":"WebPage","@id":"https:\/\/cidehus.uevora.pt\/en\/calendar\/dans-lombre-du-colonialisme\/","url":"https:\/\/cidehus.uevora.pt\/en\/calendar\/dans-lombre-du-colonialisme\/","name":"Confer\u00eancia\/Aula Aberta \"Dans l'ombre du colonialisme: les collections du Mus\u00e9e National d'Histoire Naturelle et des Sciences, Universit\u00e9 de Lisbonne\" - CIDEHUS","isPartOf":{"@id":"https:\/\/cidehus.uevora.pt\/#website"},"primaryImageOfPage":{"@id":"https:\/\/cidehus.uevora.pt\/en\/calendar\/dans-lombre-du-colonialisme\/#primaryimage"},"image":{"@id":"https:\/\/cidehus.uevora.pt\/en\/calendar\/dans-lombre-du-colonialisme\/#primaryimage"},"thumbnailUrl":"https:\/\/cidehus.uevora.pt\/wp-content\/uploads\/2024\/11\/capa-tpti.jpg","datePublished":"2024-11-12T13:55:43+00:00","description":"Com Marta Louren\u00e7o - Diretora do Museu Nacional de Hist\u00f3ria Natural e da Ci\u00eancia. Organiza\u00e7\u00e3o: Mestrado Eramus Mundus TPTI - Techniques, Patrimoine, Territoires de l\u2019industrie | Apoio: CIDEHUS\/U\u00c9vora e Biblioteca P\u00fablica de \u00c9vora","breadcrumb":{"@id":"https:\/\/cidehus.uevora.pt\/en\/calendar\/dans-lombre-du-colonialisme\/#breadcrumb"},"inLanguage":"en-US","potentialAction":[{"@type":"ReadAction","target":["https:\/\/cidehus.uevora.pt\/en\/calendar\/dans-lombre-du-colonialisme\/"]}]},{"@type":"ImageObject","inLanguage":"en-US","@id":"https:\/\/cidehus.uevora.pt\/en\/calendar\/dans-lombre-du-colonialisme\/#primaryimage","url":"https:\/\/cidehus.uevora.pt\/wp-content\/uploads\/2024\/11\/capa-tpti.jpg","contentUrl":"https:\/\/cidehus.uevora.pt\/wp-content\/uploads\/2024\/11\/capa-tpti.jpg","width":512,"height":240},{"@type":"BreadcrumbList","@id":"https:\/\/cidehus.uevora.pt\/en\/calendar\/dans-lombre-du-colonialisme\/#breadcrumb","itemListElement":[{"@type":"ListItem","position":1,"name":"In\u00edcio","item":"https:\/\/cidehus.uevora.pt\/en\/"},{"@type":"ListItem","position":2,"name":"Eventos","item":"https:\/\/cidehus.uevora.pt\/agenda\/"},{"@type":"ListItem","position":3,"name":"Confer\u00eancia\/Aula Aberta &#8220;Dans l&#8217;ombre du colonialisme: les collections du Mus\u00e9e National d&#8217;Histoire Naturelle et des Sciences, Universit\u00e9 de Lisbonne&#8221;"}]},{"@type":"WebSite","@id":"https:\/\/cidehus.uevora.pt\/#website","url":"https:\/\/cidehus.uevora.pt\/","name":"CIDEHUS","description":"CIDEHUS","potentialAction":[{"@type":"SearchAction","target":{"@type":"EntryPoint","urlTemplate":"https:\/\/cidehus.uevora.pt\/?s={search_term_string}"},"query-input":{"@type":"PropertyValueSpecification","valueRequired":true,"valueName":"search_term_string"}}],"inLanguage":"en-US"}]}},"_links":{"self":[{"href":"https:\/\/cidehus.uevora.pt\/en\/wp-json\/wp\/v2\/tribe_events\/8439","targetHints":{"allow":["GET"]}}],"collection":[{"href":"https:\/\/cidehus.uevora.pt\/en\/wp-json\/wp\/v2\/tribe_events"}],"about":[{"href":"https:\/\/cidehus.uevora.pt\/en\/wp-json\/wp\/v2\/types\/tribe_events"}],"author":[{"embeddable":true,"href":"https:\/\/cidehus.uevora.pt\/en\/wp-json\/wp\/v2\/users\/2"}],"version-history":[{"count":0,"href":"https:\/\/cidehus.uevora.pt\/en\/wp-json\/wp\/v2\/tribe_events\/8439\/revisions"}],"wp:featuredmedia":[{"embeddable":true,"href":"https:\/\/cidehus.uevora.pt\/en\/wp-json\/wp\/v2\/media\/6862"}],"wp:attachment":[{"href":"https:\/\/cidehus.uevora.pt\/en\/wp-json\/wp\/v2\/media?parent=8439"}],"wp:term":[{"taxonomy":"post_tag","embeddable":true,"href":"https:\/\/cidehus.uevora.pt\/en\/wp-json\/wp\/v2\/tags?post=8439"},{"taxonomy":"tribe_events_cat","embeddable":true,"href":"https:\/\/cidehus.uevora.pt\/en\/wp-json\/wp\/v2\/tribe_events_cat?post=8439"}],"curies":[{"name":"wp","href":"https:\/\/api.w.org\/{rel}","templated":true}]}}